{"id":1832,"date":"2019-05-24T14:34:22","date_gmt":"2019-05-24T12:34:22","guid":{"rendered":"https:\/\/gazeas.de\/dr-nikolaos-gazeas-ll-m\/"},"modified":"2025-09-01T10:55:14","modified_gmt":"2025-09-01T08:55:14","slug":"gazeas","status":"publish","type":"page","link":"https:\/\/gazeas.de\/en\/gazeas\/","title":{"rendered":"Dr. Nikolaos Gazeas LL.M."},"content":{"rendered":"<div class=\"wpb-content-wrapper\">[vc_row gap=&#8221;35&#8243; content_placement=&#8221;middle&#8221;][vc_column width=&#8221;1\/3&#8243;][vc_single_image image=&#8221;2039&#8243; img_size=&#8221;medium&#8221; alignment=&#8221;center&#8221;][wgl_spacing spacer_size=&#8221;50px&#8221;][\/vc_column][vc_column width=&#8221;2\/3&#8243;][wgl_double_headings align=&#8221;center&#8221; title_size=&#8221;48px&#8221; title_color=&#8221;#151515&#8243; subtitle_size=&#8221;20px&#8221; subtitle_color=&#8221;#a69475&#8243; google_fonts_subtitle=&#8221;font_family:Lato%3A100%2C100italic%2C300%2C300italic%2Cregular%2Citalic%2C700%2C700italic%2C900%2C900italic|font_style:400%20regular%3A400%3Anormal&#8221; title=&#8221;Dr. Nikolaos Gazeas LL.M.&#8221; subtitle=&#8221;Attorney&#8221; custom_title_color=&#8221;true&#8221; responsive_font=&#8221;true&#8221; custom_subtitle_color=&#8221;true&#8221; custom_fonts_subtitle=&#8221;true&#8221;][wgl_spacing spacer_size=&#8221;40px&#8221;][wgl_button button_text=&#8221;E-Mail&#8221; size=&#8221;s&#8221; align=&#8221;center&#8221; add_border=&#8221;&#8221; google_fonts_button=&#8221;font_family:Lato%3A100%2C100italic%2C300%2C300italic%2Cregular%2Citalic%2C700%2C700italic%2C900%2C900italic|font_style:400%20regular%3A400%3Anormal&#8221; icon_type=&#8221;font&#8221; icon_font_type=&#8221;type_fontawesome&#8221; icon_fontawesome=&#8221;fa fa-envelope-o&#8221; link=&#8221;url:mailto%3Agazeas%40gazeas.de||target:%20_blank|rel:nofollow&#8221; custom_fonts_button=&#8221;true&#8221;][wgl_spacing spacer_size=&#8221;30px&#8221;][vc_column_text]\n<p style=\"text-align: right; line-height: 70%; padding-right: 16%;\"><strong><span class=\"custom-weight\">\u201eexcellent expertise, strategically outstanding\u201c<\/span><\/strong><\/p>\n<p style=\"text-align: right; line-height: 70%; padding-right: 16%;\"><strong><span class=\"custom-weight\">\u201ecreative, gets the best results for his clients\u201c<\/span><\/strong><\/p>\n<p style=\"text-align: right; line-height: 70%; padding-right: 16%;\"><strong><span class=\"custom-weight\">\u201eone of the best for international legal assistance cases\u201c<\/span><\/strong><\/p>\n<p style=\"text-align: right; padding-right: 16%;\"><span style=\"font-weight: 100;\" class=\"custom-weight\">(Competitors, in: <a href=\"https:\/\/gazeas.de\/en\/recommendation-in-juve-handbuch-wirtschaftskanzleien-2019-2020\/\"><strong>JUVE-Handbuch Wirtschaftskanzleien 2019\/2020<\/strong><\/a>)<\/span><\/p>\n[\/vc_column_text][wgl_spacing spacer_size=&#8221;30px&#8221;][\/vc_column][\/vc_row][vc_row][vc_column][vc_column_text]Dr. Nikolaos Gazeas advises, defends and represents individuals and companies in criminal law and administrative offences, in particular in all areas of criminal law relating to economic and tax offences as well as medical criminal law. International criminal law is another main focus. Here, Dr. Gazeas specializes in extradition proceedings and advises on issues with international implications. Dr. Gazeas also advises companies and institutions preventively, in particular on the implementation of compliance systems. In addition, he has experience with constitutional complaints in a criminal law context.<\/p>\n<p>Another focus of his work is on cases with political implications, regularly also in the interface between criminal law and security law\/intelligence service law. Dr. Gazeas advises and represents individuals and companies in this area, e.g. in the context of committees of enquiry in German parliaments.<span>\u00a0\u00a0 <\/span><\/p>\n<p>Languages: English, Greek<\/p>\n<p><span>An interview with Dr Gazeas in the COLOGNE UNIVERSITY MAGAZINE (October 2022) is available <\/span><a href=\"https:\/\/gazeas.de\/wp-content\/uploads\/Unimagazin_Interview_Gazeas_102022_englisch.pdf\"><u class=\"\">here<\/u><\/a><span>.<\/span>[\/vc_column_text][wgl_spacing spacer_size=&#8221;50px&#8221;][\/vc_column][\/vc_row][vc_row][vc_column][wgl_double_headings align=&#8221;center&#8221; title_color=&#8221;#151515&#8243; subtitle_size=&#8221;28px&#8221; subtitle_color=&#8221;#a69475&#8243; google_fonts_subtitle=&#8221;font_family:Lato%3A100%2C100italic%2C300%2C300italic%2Cregular%2Citalic%2C700%2C700italic%2C900%2C900italic|font_style:400%20regular%3A400%3Anormal&#8221; subtitle=&#8221;Vita&#8221; custom_fonts_subtitle=&#8221;true&#8221;][wgl_spacing spacer_size=&#8221;24&#8243;][vc_column_text]\n<ul>\n<li>Legal studies in Cologne, Bonn, Heidelberg and Thessaloniki<\/li>\n<li>Master of Laws (LL.M.) with a specialization in U.S. criminal procedural law at the University of Auckland, New Zealand<\/li>\n<li>Legal clerkship at the Higher Regional Court of Cologne; with parts of the legal clerkship taking place at the Federal Ministry of Justice in Berlin (Department for Criminal Law relating to economic offences and corruption), the Cologne office of Freshfields Bruckhaus Deringer (Economic Criminal Law) and at the Permanent Mission of the Principality of Liechtenstein to the United Nations in New York<\/li>\n<li>Long-term experience as a research associate at the Institute for Criminal Law and Criminal Procedure Law, Chair of German and International Criminal Law held by Prof. Dr. Dr. h.c. Dr. h.c. Claus Kre\u00df LL.M. (Cambridge) at the University of Cologne; <span><a href=\"http:\/\/www.kress.jura.uni-koeln.de\/14929.html\">remains connected to the institute<\/a><\/span><\/li>\n<li>Visiting scholar at the University of California, Berkeley<\/li>\n<li>Doctoral Thesis in the field of Criminal Procedural Law and Intelligence Service Law \u2013 awarded, inter alia, the <span lang=\"EN-US\">CBH PhD-Award<\/span><span lang=\"EN-US\"><\/span><span><\/span> 2014 at the University of Cologne<\/li>\n<li>Lecturer at the University of Cologne<\/li>\n<li>Member of the\u00a0Scientific Advisory Board of the Institute for Digitization and the Law of Homeland Security\u00a0(IDRIS)\u00a0at the Faculty of Law of the Ludwig-Maximilians-Universit\u00e4t in Munich.<\/li>\n<li>Expert at the Committee on Legal Affairs of the German Parliament in Criminal Law Matters<\/li>\n<li>Expert at the Committee on Internal Affairs of the German Parliament in Security Law Matters<\/li>\n<li>Expert at the parliamentary Committee\u00a0of\u00a0Inquiry of the German Parliament on the terrorist attack at Berlin Breitscheidplatz<\/li>\n<li>Expert at the Main Committee of the State Parliament of Baden-W\u00fcrttemberg and the State Parliament of North Rhine-Westphalia in legislative procedures on Police and Security Law<\/li>\n<li>Co-editor of the oldest and largest commentary in Germany on Extradition Law and Mutual Legal Assistance Gr\u00fctzner\/P\u00f6tz\/Kre\u00df\/Gazeas, International Mutual Legal Assistance in Criminal Matters<\/li>\n<li>Member of the Advisory Board of the law journal \u2019STRAFVERTEIDIGER&#8217;<\/li>\n<li>Member of the Hazard Prevention Law Committee of the German Lawyers Association (Deutscher Anwaltverein)<\/li>\n<li>Regularly referenced by the media in Criminal Law and Intelligence Service Law Questions, inter alia at ARD, ZDF, PHOENIX, WDR, Deutschlandfunk, Deutsche Welle, DER SPIEGEL, S\u00fcddeutsche Zeitung, LTO, ZEIT online<\/li>\n<li>Regular Lectures and Publications on Criminal Law, Criminal Procedural Law and Intelligence Service Law<\/li>\n<\/ul>\n[\/vc_column_text][wgl_spacing spacer_size=&#8221;80px&#8221;][\/vc_column][\/vc_row][vc_row][vc_column][vc_tta_accordion c_align=&#8221;center&#8221; c_icon=&#8221;chevron&#8221; c_position=&#8221;right&#8221; active_section=&#8221;3434323&#8243; collapsible_all=&#8221;true&#8221;][vc_tta_section title=&#8221;Publications&#8221; tab_id=&#8221;14136-72d5cd51-a64e&#8221;][vc_column_text]\n<h4>I.\u00a0 \u00a0Monographs<\/h4>\n<ul>\n<li style=\"padding-left: 40px;\">Conveyance of intelligence information to law enforcement agencies (dotoral thesis, Cologne 2013), 721 pages, published by Duncker &amp; Humblot publishers, Berlin 2014.<\/li>\n<\/ul>\n<p style=\"padding-left: 90px;\">Reviews:<\/p>\n<p style=\"padding-left: 120px;\"><em>&#8211; Arzt,<\/em> in: D\u00d6V 2015, 192-195.<br \/>\n<em>&#8211; Ebert<\/em>, in: DIE POLIZEI 2015, 181 f.<br \/>\n<em>&#8211; Ebert<\/em>, in: Th\u00fcrVbl. 2015, 71.<br \/>\n<em>&#8211; Soin\u00e9<\/em>, in: ArchKrim 2015, 143 f.<br \/>\n<em>&#8211; Petri,<\/em> in: ZD-aktuell 2015, 04133.<br \/>\n<em>&#8211; Wolff, <\/em>in: GA 2016, 165-167.<\/p>\n<h4>II.\u00a0 \u00a0Editorships<\/h4>\n<ul>\n<li style=\"margin-bottom: 20px; padding-left: 40px;\">Gr\u00fctzner\/P\u00f6tz\/Kre\u00df\/Gazeas\/<span>Brodowski<\/span>, International Mutual Legal Assistance in Criminal Matters. The relevant provisions for the legal relations of the Federal Republic of Germany with foreign countries in criminal matters, edited by Claus Kre\u00df, Nikolaos Gazeas <span>and Dominik Brodowski,<\/span> loose-leaf collection with continuing updates, 3rd edition, C.F. M\u00fcller, Heidelberg 2018, status: 55th delivery November 2023 (approx. 11,000 pages)<\/li>\n<li style=\"margin-bottom: 20px; padding-left: 40px;\">Dietrich\/Fahrner\/Gazeas\/von Heintschel-Heinegg, Handbook Security Law and State Protection Law, 1,914 pages, C.H. Beck, Munich 2022.<\/li>\n<\/ul>\n<h4>III.\u00a0 \u00a0Commentaries<strong>\u00a0<\/strong><\/h4>\n<ul>\n<li style=\"margin-bottom: 20px; padding-left: 40px;\">Sec. 89a CC (Preparation of a serious violent offence endangering the state), Sec. 89b CC (Establishing contacts for the purpose of committing a seriouus violent offence endangering the state), Sec. 91 CC (Encouraging the commission of serious violent offence endangering the state) in: Leipold\/Tsambikakis\/Z\u00f6ller (ed.): A Lawyers Commentary to the German Criminal Code, published by Deutscher Anwaltverlag, 1st ed. Bonn 2011 (33 pages), 2nd ed. published by C.F. M\u00fcller publishers, Heidelberg 2015 (66 pages).<\/li>\n<li style=\"margin-bottom: 20px; padding-left: 40px;\">Sec. 129 CC (Forming Criminal Organizations), Sec. 129a CC (Forming Terrorist Organizations), Sec. 129b CC (Criminal and Terroris Organizations Abroad; Extended Confiscation and Deprivation), in: Leipold\/Tsambikakis\/Z\u00f6ller (ed.): A Lawyers Commentary to the German Criminal Code, published by Deutscher Anwaltverlag, 1st ed. Bonn 2011 (31 pages), 2nd ed. published by C.F. M\u00fcller publishers, Heidelberg 2015 (36 pages).<\/li>\n<li style=\"margin-bottom: 20px; padding-left: 40px;\">\u00a7 36 StGB (Parliamentary Statements), \u00a7 37 StGB (Parliamentary Reports) in: M\u00fcnchener Kommentar zum StGB, ed. by Volker Erb and J\u00fcrgen Sch\u00e4fer, 4th edition, C.H. Beck, Munich 2020; 5th ed. 2023 (in preparation).<\/li>\n<li style=\"margin-bottom: 20px; padding-left: 40px;\">\u00a7 51 und \u00a7 65 Law on Designs (DesignGesetz), in: von Vohwinkel (ed.), BeckOK DesignR (Law on Designs and Regulation on Community Designs), C.H. Beck, Munich 2019 et seq (continuously updated).<\/li>\n<\/ul>\n<h4>IV.\u00a0 \u00a0Contributions to Commemorative Publications<\/h4>\n<ul>\n<li style=\"margin-bottom: 20px; padding-left: 40px;\">Europeanisation of the term \u201corganisation\u201c in Sec. 129 et seqq. CC? Thoughts on recent case law of the German Federal Court of Justice, in: Paeffgen\/B\u00f6se\/Kindh\u00e4user et al.: Poenology as analysis and construct, Publication in Celebration of the 70th birthday of Ingeborg Puppe, published by Duncker &amp; Humblot publishers, Berlin 2011, pp. 1487-1500 (together with Claus Kre\u00df).<\/li>\n<li style=\"margin-bottom: 20px; padding-left: 40px;\">Gerhart Baum and Alexej Nawalny, in: Leutheusser-Schnarrenberger (ed.): On a Liberal Mission. Gerhart Baum and the German Democracy. Publication in Celebration of the 90th birthday, NZZ Libro, Basel 2022, pp. 133 &#8211; 137.<\/li>\n<\/ul>\n<h4>V.\u00a0 \u00a0Contributions to other Books<strong>\u00a0<\/strong><\/h4>\n<ul>\n<li style=\"margin-bottom: 20px; padding-left: 40px;\">Recent Developments in substantive Criminal Law concerning Terrorism in Germany \u2013 Penalizing the stay in \u201eTerror-Camps\u201c (Sec. 89a CC), in: Nu\u00dfberger\/Salygin\/Ivanov\/Kre\u00df\/Sachs (ed.): Terrorism as a Challenge for Public International Law and National Law \u2013 A German-Russian Dialogue, Moscow, 2010, pp. 292-314.<\/li>\n<li style=\"margin-bottom: 20px; padding-left: 40px;\">Sec. 18 \u2013 Organized Crime, in: Max-Planck Institute for Foreign and International Criminal Law in Cooperation with Sieber\/Br\u00fcner\/Satzger\/von Heintschel-Heinegg (ed.): European Criminal Law, 1st ed. published by Nomos publishers Baden-Baden 2011, pp. 324-333 (together with Claus Kre\u00df), 2nd ed. published by Nomos publishers Baden-Baden 2014, pp. 356-365 (together with Claus Kre\u00df).<\/li>\n<li style=\"margin-bottom: 20px; padding-left: 40px;\">Sec. 19 \u2013 Terrorism, in: Max-Planck Institute for Foreign and International Criminal Law in Cooperation with Sieber\/Br\u00fcner\/Satzger\/von Heintschel-Heinegg (ed.): European Criminal Law, 1st ed. published by Nomos publishers Baden-Baden 2011, pp. 334-350 (together with Claus Kre\u00df), 2nd ed. published by Nomos publishers Baden-Baden 2014, pp. 366-383 (together with Claus Kre\u00df).<\/li>\n<li style=\"margin-bottom: 20px; padding-left: 40px;\">La nueva regulaci\u00f3n de la custodia de seguridad en Alemania. Una perspectiva sobre la nueva concepci\u00f3n derivada de las sentencias del Tribunal Europeo de Derechos Humanos y del Tribunal Constitucional alem\u00e1n. (The revision of preventive detention in Germany. An Overview of the planned redesign on the basis of new judgements from the European Court of Human Rights and the German Federal Constitutional Court), in: Eduardo Demetrio Crespo (ed.), Neurociencia y Derecho penal: nuevas perspectivas en el \u00e1mbito de la culpabilidad y tratamiento jur\u00eddico-penal de la peligrosidad, Madrid Buenos Aires Montevideo 2013, S. 629 \u2013 649. Translation into Portuguese (in preparation).<\/li>\n<li style=\"margin-bottom: 20px; padding-left: 40px;\">Special Features of Mutual Legal Assistance in Criminal Proceedings Related to State Protection, in: Dietrich\/Fahrner\/Gazeas\/von Heintschel-Heinegg, Handbook Security and State Protection Law, C.H. Beck, Munich 2022.<\/li>\n<li style=\"margin-bottom: 20px; padding-left: 40px;\">Extradition Law and International Mutual Legal Assistance in Criminal Matters, in: Kruse\/Tute (eds.), Corporate Criminal Liability in Germany, C.H. Beck, Munich (in preparation for 2023).<\/li>\n<\/ul>\n<h4><strong>\u00a0<\/strong><strong>\u00a0VI.\u00a0 \u00a0<\/strong>Essays<\/h4>\n<ul>\n<li style=\"margin-bottom: 20px; padding-left: 40px;\">The European Evidence Warrant \u2013 Another Step in the wrong direction?, in: ZRP 2005, pp. 18-22.<\/li>\n<li style=\"margin-bottom: 20px; padding-left: 40px;\">Subsequent Preventive Detention \u2013 A Political Aberration?, in StraFO 2005, pp. 9-15.<\/li>\n<li style=\"margin-bottom: 20px; padding-left: 40px;\">Human Rights are too expensive \u2013 On a Detainees Right to Compensation for inhumane Treatment (likewise annotation on BGH (FCJ) III ZR 361\/03, Judgement of November 4th2004 = BGHZ 161, 33), in: HRRS 2005, pp. 171-177.<\/li>\n<li style=\"margin-bottom: 20px; padding-left: 40px;\">\u201cStalking\u201d as a Criminal Offence \u2013 Effective Protection or a finger in the dike?, in: KJ 2006, pp. 247-268.<\/li>\n<li style=\"margin-bottom: 20px; padding-left: 40px;\">Stalking as a Criminal Offence, in: JR 2007, pp. 497-505.<\/li>\n<li style=\"margin-bottom: 20px; padding-left: 40px;\">The new Offences in German Penal Legislation for the Protection of the State \u2013 An Attempt at a first Interpretation of Secs. 89a, 89b and 91 CC, in: NStZ 2009, pp. 593-604 (together with Th. Grosse-Wilde and A. Kie\u00dfling)<\/li>\n<li style=\"margin-bottom: 20px; padding-left: 40px;\">Too much? \u2013 On the Tightening of the German Terrorism Laws, in: DRiZ 2015, pp. 218-224.<\/li>\n<li style=\"margin-bottom: 20px; padding-left: 40px;\">Assurances in extradition traffic within the European Union, in: Goltdammer&#8217;s Archive for Criminal Law (GA) 2018, pp. 277 &#8211; 286.<\/li>\n<li style=\"margin-bottom: 20px; padding-left: 40px;\">The new money laundering criminal law: far-reaching consequences for practice, in: NJW 2021, pp. 1041-1046.<\/li>\n<li style=\"margin-bottom: 20px; padding-left: 40px;\">Legal Certainty in the Use of Confidential Persons and the Prohibition of Provocation of Crimes in Conformity with the Rule of Law: A Proposed Regulation<strong>, <\/strong>in: Strafverteidiger (StV) 2023, pp. 414 &#8211; 421 (with <em>Matthias Jahn <\/em>and <em>Yannic H\u00fcbner<\/em>).<\/li>\n<\/ul>\n<h4>VII.\u00a0 \u00a0Case Annotations<\/h4>\n<ul>\n<li style=\"margin-bottom: 20px; padding-left: 40px;\">FCC \u2013 1 BvR 1359\/05 of December 27th 2005, non-acceptance order (On a Detainees Right to Compensation for inhumane Treatment), in: ZfStrVo 2006, pp. 185-186.<\/li>\n<li style=\"margin-bottom: 20px; padding-left: 40px;\">FCJ \u2013 3 StR 244\/09 of November 19th 2009 (Sec. 238 CC \u2013 Stalking), in: NJW 2010, pp. 1684-1685.<\/li>\n<li style=\"margin-bottom: 20px; padding-left: 40px;\">District Court Koblenz \u2013 4 Qs 66\/14 of October 27th 2014 (On the Requirements of a Search Order against non-suspects), in: juris Praxisreport-Compliance 1\/2015 Anm. 3.<\/li>\n<li style=\"margin-bottom: 20px; padding-left: 40px;\">FCJ \u2013 3 StR 537\/14 of July 9th 2015 \u2013 BGHSt 60, 308 (On the determination of competitive relationships in criminal offences within the framework of membership in a criminal organisation), in: Strafverteidiger (StV) 2016, pp. 502 \u2013 505.<\/li>\n<li style=\"margin-bottom: 20px; padding-left: 40px;\">FCJ \u2013 3 StR 326\/16 of April 6th 2017 \u2013 BGHSt 62, 102 (On the preparation of a serious violent act endangering the state by leaving the Federal Republic of Germany), in: Strafverteidiger (StV) 2018, pp. 84 \u2013 88 (together with Thomas Grosse-Wilde).<\/li>\n<li style=\"margin-bottom: 20px; padding-left: 40px;\">Higher Regional Court Schleswig \u2013 Decision of April 5th 2018 \u2013 I Ausl (A) 18\/18 \u2013 (On the inadmissibility of the extradition to Spain of the former President of the Autonomous Government of Puigdemont in Catalonia), in: NJW 2018, pp. 1703-1704.<\/li>\n<li style=\"margin-bottom: 20px; padding-left: 40px;\">District Court Osnabr\u00fcck &#8211; 12 Qs 32\/21 of February 9th 2022 (On the search of a federal ministry), in: Strafverteidiger 2022, pp. 507 &#8211; 510.<\/li>\n<\/ul>\n<h4><strong>\u00a0<\/strong>VIII.\u00a0 \u00a0Reviews<\/h4>\n<ul>\n<li style=\"margin-bottom: 20px; padding-left: 40px;\">German Federal Ministry of Justice\/Austrian Federal Ministry of Justice\/Swiss Federal Department of Justice and Police (ed.): Imprisonment \u2013 Recommendations of the Council of Europe 1962-2003, in: HRRS 2005, pp. 20-22.<\/li>\n<li style=\"margin-bottom: 20px; padding-left: 40px;\">ter Haar\/Lutz\/Wiedenfels: Pr\u00e4dikatsexamen \u2013 The Road to Completing German Law Studies with Honors, in: JA 2006, p. 559.<\/li>\n<li style=\"margin-bottom: 20px; padding-left: 40px;\">Helmut Satzger, International and European Criminal Law, in: ZIS 2006, pp. 459-462.<\/li>\n<li style=\"margin-bottom: 20px; padding-left: 40px;\">Tido Park, Criminal Law and the Capital Market, 2nd ed. 2008, in: StRR 2009, pp. 57-58 (together with Michael Tsambikakis).<\/li>\n<li style=\"margin-bottom: 20px; padding-left: 40px;\">Julius\/Gercke\/Kurth\/Lemke\/Poll\u00e4hne\/Temming\/Woynar\/Z\u00f6ller, The Heidelberg Commentary on the German Code of Criminal Procedure, 4th ed. 2009, in: StRR 2009, pp. 379-380.<\/li>\n<li style=\"margin-bottom: 20px; padding-left: 40px;\">Schenke\/Graulich\/Ruthig, Federal Security Law, 2015, in: NJW 2015, p. 3018.<\/li>\n<li style=\"margin-bottom: 20px; padding-left: 40px;\">J\u00f6rg Arnold, Denouncer 3.0. How modern media endanger the rule of law. Experiences of criminal defence and critical reflections. Berliner Wissenschaftsverlag, Berlin 2020, in: Goltdammer&#8217;s Archiv f\u00fcr Strafrecht (GA) 2023 (forthcoming).<\/li>\n<\/ul>\n<h4>IX.\u00a0 \u00a0Various<\/h4>\n<ul>\n<li style=\"margin-bottom: 20px; padding-left: 40px;\">Germany would not have to extradite Snowden to the USA, ZEIT online, March 8th 2014<\/li>\n<li style=\"margin-bottom: 20px; padding-left: 40px;\">Written Statement of March 19th 2015 for the Standing Committee on Justice and Consumer Protection of the German Parliament concerning the draft law of the parliamentary groups of CDU\/CSU and SPD of February 24th 2015 (BT-Drs. 18\/4087) \u2013 Draft Law to Change the Persecution of the Preparation of Serious Offences Endangering the State (GVVG-\u00c4ndG) \u2013 in the Public Session on March 23rd Public Session on March 23rd 2015.<\/li>\n<li style=\"margin-bottom: 20px; padding-left: 40px;\">The Akhanl\u0131 case could end up causing damage to Erdogan, ZEIT online, August 23rd 2017<\/li>\n<li style=\"margin-bottom: 20px; padding-left: 40px;\">Statement following the joint hearing of the Standing Committee and the Committee on Home Affairs, Digitalisation and Migration of the Landtag Baden-W\u00fcrttemberg on October 26th 2017 on the draft laws of the government of the Land &#8211; Act amending the Land Constitutional Protection Act and the Implementing Act to Article 10 of the Act (Drs. 16\/2740) and Act amending the Police Act and the Act on the Opening of Shops in BW (Drs. 16\/2741) of November 2nd 2017.<\/li>\n<li style=\"margin-bottom: 20px; padding-left: 40px;\">Obituary for Paul-G\u00fcnter P\u00f6tz, in: Gr\u00fctzner\/P\u00f6tz\/Kre\u00df\/Gazeas, International Legal Assistance in Criminal Matters, 3rd edition, 44th delivery (March 2018) (together with Claus Kre\u00df).<\/li>\n<li style=\"margin-bottom: 20px; padding-left: 40px;\">Position on the Puigdemont case: Legally correct and pleasingly clear under the rule of law, NJW-aktuell 19\/2018, p. 14<\/li>\n<li style=\"margin-bottom: 20px; padding-left: 40px;\">Guest article in Legal Tribune Online (LTO) on the ruling of the Bundesverfassungsgericht on the BND Act of 22 May 2020, available at https:\/\/www.lto.de\/recht\/hintergruende\/h\/bverfg-1-bvr-2835-17-bnd-auslandsueberwachung-kontrolle-nachrichtendienste-kontrolle-grundrechte-ausland-was-das-urteil-bedeutet\/.<\/li>\n<li style=\"margin-bottom: 20px; padding-left: 40px;\">Editorial &#8220;No more of the same &#8211; for a rational crime policy with a sense of proportion in the traffic light coalition&#8221;, in: Strafverteidiger 2020, issue 9\/2021.<\/li>\n<\/ul>\n[\/vc_column_text][\/vc_tta_section][vc_tta_section title=&#8221;Interviews \/ Media&#8221; tab_id=&#8221;24136-72d5cd51-a64e&#8221;][vc_column_text]\n<h5>26<sup>th<\/sup> September 2023<\/h5>\n<p>Interview in <a href=\"https:\/\/www.youtube.com\/watch?v=c-nBMY-oRdo\"><strong>PHOENIX Der Tag <\/strong>(TV)<\/a> on the criminal proceedings against five suspects in London in connection with <strong>espionage allegations <\/strong>and the alleged involvement of Jan Marsalek therein<\/p>\n<h5>12<sup>th<\/sup> September 2023<\/h5>\n<p>Statement in <a href=\"https:\/\/www.spiegel.de\/politik\/berlin-spekulation-um-austausch-von-tiergartenmoerder-a-c1150a3d-dbae-4d95-848a-02371e2562ca\"><strong>SPIEGEL online <\/strong><\/a>on <strong>legal issues of prisoner exchange <\/strong>with foreign countries, specifically on the zoo murderer Krasnikov and a prisoner exchange with Russia<\/p>\n<h5>7<sup>th<\/sup> September 2023<\/h5>\n<p>Interview on <a href=\"https:\/\/www.br.de\/radio\/live\/bayern2\/programm\/2023-09-07\/3433452\/#t=17:16:25\"><strong>Bavarian Radio <\/strong><\/a>on the occasion of the 100th anniversary of INTERPOL<\/p>\n<h5>5<sup>th<\/sup> August 2023<\/h5>\n<p>Statement in K\u00f6lner StadtAnzeiger, p. 1, on the renewed conviction of Alexei Nawalny<\/p>\n<h5>4<sup>th<\/sup> August 2023<\/h5>\n<p>Statement in <a href=\"https:\/\/www.spiegel.de\/ausland\/russland-alexej-nawalny-zu-langer-haft-wegen-extremismus-verurteilt-a-0062f635-21a2-450c-b798-08d8e914aa89\"><strong>SPIEGEL online <\/strong><\/a>on the further verdict against Alexei Nawalny in Russia (<em>own mandate)<\/em>, further article available <a href=\"https:\/\/www.spiegel.de\/politik\/deutschland\/annalena-baerbock-nennt-urteil-gegen-alexej-nawalny-blankes-unrecht-a-007a1a9c-59f9-486c-ba16-f9a42acc77de\">here<\/a><\/p>\n<h5>17<sup>th<\/sup> July 2023<\/h5>\n<p>Statement in <a href=\"https:\/\/www.spiegel.de\/politik\/deutschland\/v-leute-justizministerium-treibt-neues-gesetz-fuer-polizei-voran-a-1dd7d0d8-e2cb-4b49-9c57-ec20dcfa3d14\">SPIEGEL online<\/a> on the draft law of the Federal Ministry of Justice on the use of confidential informants (so-called V-persons) in criminal proceedings<\/p>\n<h5>19<sup>th<\/sup> June 2023<\/h5>\n<p>Interview on <a href=\"https:\/\/www1.wdr.de\/mediathek\/audio\/wdr5\/wdr5-morgenecho-interview\/audio-extremismusvorwuerfe-neuer-prozess-gegen-nawalny-100.amp\"><strong>WDR 5 <\/strong><\/a>about current circumstances in the <strong>case of Nawalny <\/strong>(<em>own mandate<\/em>)<\/p>\n<h5>6<sup>th<\/sup> June 2023<\/h5>\n<p>Interview in the <strong>ARD documentary <\/strong>&#8220;<strong>Rich and Poor in Court<\/strong>&#8221; (<a href=\"https:\/\/www.daserste.de\/information\/reportage-dokumentation\/dokus\/sendung\/arm-und-reich-vor-gericht-100.html\">ARD Story<\/a>), see also <a href=\"https:\/\/www.faz.net\/aktuell\/feuilleton\/medien\/ard-doku-ueber-arm-und-reich-vor-gericht-18943702.html\">FAZ<\/a><\/p>\n<h5>5<sup>th<\/sup> May 2023<\/h5>\n<p>Interview in the <a href=\"https:\/\/www.ksta.de\/kultur-medien\/koeln-wallraff-preis-fuer-alexej-nawalny-563149\"><strong>K\u00f6lner StadtAnzeiger <\/strong><\/a>on the occasion of the award of the Walraff Prize to <strong>Alexei Nawalny, <\/strong>p. 12, see also <strong>KStA online (<\/strong><em>own mandate)<\/em><\/p>\n<h5>4<sup>th<\/sup> May 2023<\/h5>\n<p>Statement in the newspaper\u00a0<strong>DIE ZEIT\u00a0<\/strong>(issue 19\/2023) on\u00a0<strong>Alexei Nawalny\u00a0<\/strong>and the actions of the Putin regime (<em>own mandate<\/em>), in\u00a0<a href=\"https:\/\/www.zeit.de\/2023\/19\/alexej-nawalny-russland-gefaengnis-folter-anklage\/seite-2\"><strong>ZEIT online\u00a0<\/strong><\/a>available<\/p>\n<h5>17<sup>th<\/sup> March 2023<\/h5>\n<p>Statement in\u00a0<a href=\"https:\/\/www.spiegel.de\/ausland\/krieg-in-der-ukraine-internationaler-strafgerichtshof-erlaesst-haftbefehl-wladimir-putins-ende-kommt-naeher-a-d322c774-3476-436a-8a51-a01c12c447fc\"><strong>SPIEGEL online\u00a0<\/strong><\/a>on the\u00a0<strong>arrest warrant of the International Criminal Court\u00a0<\/strong>(ICC) against Vladimir Putin.<\/p>\n<h5>26<sup>th<\/sup> September 2022<\/h5>\n<p><a href=\"https:\/\/amp2.handelsblatt.com\/unternehmen\/industrie\/korruptionsprozess-griechisches-gericht-spricht-ex-siemens-chef-von-pierer-und-weitere-manager-in-schmiergeld-affaere-frei\/28706008.html\">Statement<\/a> on the <strong>Siemens trial <\/strong>in Greece and the acquittals of all defendants (own mandate)<\/p>\n<h5>3<sup>rd<\/sup> August 2022<\/h5>\n<p><a href=\"https:\/\/www.lto.de\/recht\/justiz\/j\/deutschland-russland-tiergartenmord-gefangenenaustausch-strafrecht-justiz-ueberstellung-stpo-ausland\/\">Interview<\/a> on questions of the admissibility of a <strong>prisoner exchange <\/strong>between <strong>Russia and the USA <\/strong><b>and <\/b>a rendition of the <strong>Tiergarten murderer<\/strong><\/p>\n<h5>23<sup>rd<\/sup> March 2022<\/h5>\n<p>Statement in the <a href=\"https:\/\/mobil.ksta.de\/politik\/-schockierend--nawalnys-koelner-anwalt-sieht-beweise-fuer-zeugen-manipulation-39565230?originalReferrer=&amp;originalReferrer=https:\/\/www.presseportal.de\/\">K\u00f6lner StadtAnzeiger<\/a>, p. 4, on the course of proceedings in the <strong>Nawalny trial<\/strong>, also available on the <a href=\"https:\/\/www.presseportal.de\/pm\/66749\/5178853\">press portal<\/a> <em>(own mandate)<\/em><\/p>\n<h5>22<sup>nd<\/sup> March 2022<\/h5>\n<p>Statement in <a href=\"https:\/\/www.handelsblatt.com\/politik\/international\/russland-lange-haft-fuer-kremlkritiker-nawalny-was-in-diesem-willkuerstaat-geschieht-ist-geradezu-grotesk-\/28187076.html\">Handelsblatt<\/a> and <a href=\"https:\/\/www.spiegel.de\/ausland\/russisches-gericht-verurteilt-nawalny-zu-weiteren-neun-jahren-haft-a-7910bb8c-26e8-41e2-a45d-ab5d1ea6068d\">SPIEGEL online<\/a> on the court proceedings in the <strong>Nawalny case <\/strong><em>(own mandate)<\/em><\/p>\n<h5>10<sup>th<\/sup> February 2022<\/h5>\n<p>Statement in <a href=\"https:\/\/www.spiegel.de\/panorama\/justiz\/razzia-im-bundesjustizministerium-richter-kassieren-durchsuchungsbeschluss-a-6b1e0131-ae2f-4032-8671-7c38b8722bbf\">SPIEGEL online<\/a> on the decision of the Osnabr\u00fcck Regional Court declaring the <strong>search at the Federal Ministry of Justice <\/strong>unlawful shortly before the election at the end of August 2021<\/p>\n<h5>13<sup>rd<\/sup> December 2021<\/h5>\n<p>Statement in <a href=\"https:\/\/www.spiegel.de\/panorama\/justiz\/mit-dem-rechtsstaat-gegen-den-geheimdienst-a-4b3fa47e-2ec7-4dbd-8634-836d05ec7cd1\">SPIEGEL online<\/a> on the constitutional complaint proceedings against the <strong>Bavarian Constitutional Protection Act <\/strong><b>in the <\/b>light of the upcoming oral proceedings<\/p>\n<h5>14<sup>th<\/sup> October 2021<\/h5>\n<p>Interview in <a href=\"https:\/\/www.n-tv.de\/mediathek\/videos\/sport\/Jede-Auslandsreise-ist-fuer-Hernandez-gefaehrlich-article22866923.html\">n-tv<\/a> on criminal and extradition law issues and case of <strong>FC Bayern football player Lucas Hern\u00e1ndes <\/strong><b>in <\/b>connection with his sentence to imprisonment in Spain<\/p>\n<h5>10<sup>th<\/sup> September 2021<\/h5>\n<p>Statement in the <u><a href=\"https:\/\/www.berliner-zeitung.de\/wochenende\/durchsuchung-bundesfinanzministerium-war-die-razzia-bei-scholz-politisch-motiviert-li.182125?pid=true\">Berliner Zeitung<\/a> of <\/u>11\/12 September, p. 3, on <strong>searches at the Federal Ministry of Finance and the Federal Ministry of Justice and Consumer Protection in <\/strong>connection with investigations for obstruction of <strong>justice <\/strong>in office concerning the FIU<\/p>\n<h5>10<sup>th<\/sup> September 2021<\/h5>\n<p>Statement in <a href=\"https:\/\/www.spiegel.de\/panorama\/justiz\/staatsanwaltschaft-osnabrueck-verteidigt-razzia-in-berliner-ministerien-a-67259429-1c80-48d6-a53a-b4fc35e4865f\">SPIEGEL online<\/a> on <strong>searches at the Federal Ministry of Finance and the Federal Ministry of Justice and Consumer Protection <\/strong><b>in <\/b>connection with investigations for obstruction of justice in the FIU&#8217;s fight against money laundering<\/p>\n<h5>8<sup>th<\/sup> September 2021<\/h5>\n<p><a href=\"https:\/\/www.handelsblatt.com\/finanzen\/banken-versicherungen\/banken\/wirecard-marsalek-vertrauter-henry-osullivan-soll-in-singapur-gegen-mini-kaution-freikommen\/27592236.html\">Further Statement<\/a> on extradition law issues in the <strong>O&#8217;Sullivan case<\/strong><b> in <\/b>connection with the actions of the law enforcement authorities in Singapore &#8211; <strong>Wirecard <\/strong>case<\/p>\n<h5>3<sup>rd<\/sup> September 2021<\/h5>\n<p>Interview in <a href=\"https:\/\/www.handelsblatt.com\/finanzen\/banken-versicherungen\/banken\/wirecard-skandal-solange-ein-strafverfahren-in-singapur-laeuft-ist-eine-auslieferung-osullivans-aussichtslos\/27578390.html\">Handelsblatt<\/a> on extradition law issues in the case of <strong>Henry O&#8217;Sullivan <\/strong>after his arrest in Singapore in the <strong>Wirecard scandal<\/strong><\/p>\n<h5>20<sup>th<\/sup> August 2021<\/h5>\n<p>Statement on <a href=\"https:\/\/www.deutschlandfunk.de\/morden-nach-system-der-fall-nawalny-und-die-tradition.724.de.html?dram:article_id=501941\">Deutschlandfunk<\/a> on the Nawaly case on the occasion of the anniversary of the poisoning <em>(own mandate)<\/em><\/p>\n<h5>14<sup>th<\/sup> August 2021<\/h5>\n<p>Interview in FOCUS (issue 33\/2022) with Nikolaos Gazeas on the Nawalny case <em>(own mandate)<\/em><\/p>\n<h5>24<sup>th<\/sup> March 2021<\/h5>\n<p>Report and statement in <a href=\"https:\/\/www.spiegel.de\/panorama\/bundestag-beraet-ueber-neues-v-mann-gesetz-a-39e6381d-b4c6-44ca-8208-397a0a4066f5\">SPIEGEL<\/a> on the occasion of the hearing in the Legal Affairs Committee of the German Bundestag on questions of creating a legal basis for the use of confidential informants (so-called V-persons) in criminal proceedings<\/p>\n<h5>22<sup>nd<\/sup> March 2021<\/h5>\n<p>Statement at <a href=\"https:\/\/www.lto.de\/recht\/hintergruende\/h\/quellen-ueberwachung-staatstrojaner-geheimdienst-strafverfolgung-telekommunikation-verschluesselung-polizei-gutachten-wissenschaftlicher-dienst-bundestag\/?utm_medium=email&amp;utm_source=WKDE_LEG_NSL_LTO_Daily_EM&amp;utm_campaign=wkde_leg_mp_lto_daily_ab13.05.2019&amp;utm_source_system=Eloqua&amp;utm_econtactid=CWOLT000017864031\">LTO<\/a> on questions of the constitutionality of the interception of sources in planned legislation of the German Bundestag<\/p>\n<h5>31<sup>st<\/sup> January 2021<\/h5>\n<p>Statement in the Frankfurter Allgemeine Sonntagszeitung (FAS), p. 1 and p. 2 on the <strong>Nawalny case, <\/strong>available in <a href=\"https:\/\/www.faz.net\/aktuell\/politik\/ausland\/nawalnyjs-anwalt-fordert-hilfe-von-berlin-17172787.html\"><u>faz.net<\/u><\/a><em>\u00a0(own mandate)<\/em><\/p>\n<h5>28<sup>th<\/sup> January 2021<\/h5>\n<p>Statement in DIE ZEIT 5\/2021, p. 2 on the <strong>political persecution of Alexei Nawalny<\/strong>, also available at <a href=\"https:\/\/www.zeit.de\/2021\/05\/alexej-nawalny-wladimir-putin-russland-regimekritik-politaktivist-untersuchungsgefaengnis?utm_referrer=https%3A%2F%2Fwww.google.com\"><u>ZEIT online<\/u><\/a><em>\u00a0(own mandate)<\/em><\/p>\n<h5>23<sup>rd<\/sup> January 2022<\/h5>\n<p>Statement in the <a href=\"https:\/\/www.google.de\/amp\/s\/www.luzernerzeitung.ch\/amp\/international\/nikolaos-gazeas-anwalt-des-putin-gegners-die-schweiz-koennte-im-fall-nawalny-eine-wichtige-rolle-uebernehmen-ld.2088857\">Luzerner Zeitung<\/a>, the <a href=\"https:\/\/www.tagblatt.ch\/international\/nikolaos-gazeas-anwalt-des-putin-gegners-die-schweiz-koennte-im-fall-nawalny-eine-wichtige-rolle-uebernehmen-ld.2088857\">Schweizer Tageblatt<\/a>, the <a href=\"https:\/\/www.oltnertagblatt.ch\/ausland\/anwalt-des-putin-gegners-die-schweiz-koennte-im-fall-nawalny-eine-wichtige-rolle-uebernehmen-140683067\">Oltner Tageblatt (CH)<\/a>, the <a href=\"https:\/\/www.google.de\/amp\/s\/www.derstandard.at\/story\/2000123550068\/festnahmen-bei-oppositionsprotesten-im-osten-russlands%3famplified=True\">Austrian STANDARD<\/a> on the <strong>criminal proceedings against Alexei Nawalny <\/strong><em>(own mandate)<\/em><\/p>\n<h5>22<sup>nd<\/sup> January 2021<\/h5>\n<p>Statement in the <a href=\"https:\/\/www.sn.at\/politik\/weltpolitik\/das-ist-eine-neue-qualitaet-der-willkuer-98748211\">Salzburger Nachrichten<\/a> on the <strong>criminal proceedings against Alexei Nawalny <\/strong>in Moscow <em>(own mandate)<\/em><\/p>\n<h5>18<sup>th<\/sup> January 2021<\/h5>\n<p>Interviews on <a href=\"https:\/\/www.google.de\/amp\/s\/www1.wdr.de\/radio\/xtestx\/wdr5-app-audiotest-100.amp\">WDR 5<\/a> and in <a href=\"https:\/\/www.ikiosk.de\/shop\/epaper\/koelner-stadt-anzeiger.html\">K\u00f6lner StadtAnzeiger<\/a> on the <strong>arrest of Alexei Nawalny <\/strong>in Moscow <em>(own mandate)<\/em><\/p>\n<h5>18<sup>th<\/sup> January 2021<\/h5>\n<p>Statements and interviews on <a href=\"https:\/\/amp.zdf.de\/nachrichten\/heute-journal-update\/nach-festnahme-von-alexej-nawalny-100.html\">ZDF<\/a>, <a href=\"https:\/\/www.spiegel.de\/politik\/ausland\/alexej-nawalny-ist-in-moskau-gelandet-kremlkritiker-droht-festnahme-a-83217d65-56fb-4c2f-b49f-366868bba25c\">SPIEGEL<\/a> and <a href=\"https:\/\/www1.wdr.de\/mediathek\/audio\/wdr5\/wdr5-morgenecho-interview\/audio-nawalnys-anwalt-klarer-fall-von-politischer-verfolgung-100.html\">WDR<\/a> on the <strong>arrest of Alexei Nawalny <\/strong><em>(own mandate)<\/em><\/p>\n<h5>18<sup>th<\/sup> January 2021<\/h5>\n<p><a href=\"https:\/\/www.deutschlandfunk.de\/anwalt-des-kreml-kritikers-nawalny-ist-politischer-100.html\">Interview<\/a> with Nawalny lawyer Dr. Nikolaos Gazeas on Nawalny&#8217;s arrest in Moscow <em>(own mandate)<\/em><\/p>\n<h5>18<sup>th<\/sup> January 2021<\/h5>\n<p>Statement on <a href=\"https:\/\/www.deutschlandfunk.de\/festnahme-in-moskau-anwalt-nennt-gegen-nawalny-erhobene.1939.de.html?drn:news_id=1217398\">Deutschlandfunk<\/a> on the <strong>arrest of Alexei Nawalny <\/strong>(own mandate)<\/p>\n<h5>21<sup>st<\/sup> Juli 2020<\/h5>\n<p>Interview in the <strong><a href=\"https:\/\/www.handelsblatt.com\/politik\/international\/fahndung-nach-ex-wirecard-vorstand-strafverteidiger-zum-fall-marsalek-deutschland-wuerde-russland-niemals-oeffentlich-der-luege-bezichtigen\/26021494.html?ticket=ST-10149598-Mz4EytZQ6XlQwmFXl2XC-ap6\">online edition of the Handelsblatt <\/a><\/strong>on <strong>extradition law<\/strong> <strong>issues<\/strong> in connection with the <strong>Wirecard\/Jan Marsalek case<\/strong>.<\/p>\n<h5>21<sup>st<\/sup> Juli 2020<\/h5>\n<p>Statement in the <strong>Handelsblatt, 21st Juli 2020, page 7<\/strong>, on <strong>extradition law issues<\/strong> in connection with the <strong>Wirecard\/Jan Marsalek case<\/strong>.<\/p>\n<h5>12<sup>th<\/sup> June 2020<\/h5>\n<p>Statement in <a href=\"https:\/\/gazeas.de\/wp-content\/uploads\/ZEIT-HAMBURG_OPFER-ODER-STEINESCHMEISSER.pdf.\"><strong>ZEIT online<\/strong><\/a> on legal issues in connection with the <strong>arrest<\/strong> of 35 people after a protest in Hamburg.<\/p>\n<h5>30<sup>th<\/sup> May 2020<\/h5>\n<p>Statement in the <strong>SPIEGEL<\/strong>, issue 23\/2020, p. 51 on <strong>criminal law issues<\/strong> in connection with the indictment of the &#8220;second suspect&#8221; <strong>for aiding and abetting the murder of the CDU politician Walter L\u00fcbcke<\/strong>.<\/p>\n<h5>22<sup>nd<\/sup> May 2020<\/h5>\n<p>Guest article in <strong><a href=\"https:\/\/www.lto.de\/recht\/hintergruende\/h\/bverfg-1-bvr-2835-17-bnd-auslandsueberwachung-kontrolle-nachrichtendienste-kontrolle-grundrechte-ausland-was-das-urteil-bedeutet\/\">Legal Tribune Online (LTO)<\/a><\/strong> on the ruling of the <strong>Bundesverfassungsgericht on the BND Act<\/strong>.<\/p>\n<h5>20<sup>th<\/sup> May 2020<\/h5>\n<p>Statement in the <strong>Rheinische Post of May 20, 2020, p. 4,<\/strong> on the ruling of the <strong>Bundesverfassungsgericht<\/strong> on the BND Act in connection <strong>with Foreign to Foreign Telecommunications Intelligence Service.<\/strong><\/p>\n<h5>19<sup>th<\/sup> May 2020<\/h5>\n<p>Interview in\u00a0<a href=\"https:\/\/www.ardaudiothek.de\/interview\/karlsruhe-setzt-bnd-grenzen-interview-mit-verfassungsrechtler-nikolaos-gazeas\/75818044\"><strong><span style=\"font-style: inherit;\">Deutschlandfunk<\/span><\/strong>\u00a0<\/a>on the ruling of the <strong>Bundesverfassungsgericht<\/strong> on the BND Act in connection <strong>with Foreign to Foreign Telecommunications Intelligence Service.<\/strong><\/p>\n<h5>11<sup>th<\/sup> April 2020<\/h5>\n<p>Interview <strong>together with the former Federal Minister of the Interior and lawyer Gerhard Baum<\/strong> for <a href=\"https:\/\/www.lto.de\/recht\/hintergruende\/h\/gerhard-baum-corona-epidemie-gesetz-nrw-parlament-grundrechtseingriffe-verhaeltnismaessigkeit-tracking-app\/\"><strong>Legal Tribune Online<\/strong> (LTO)<\/a> on the legal classification of the anti-corona-measures.<\/p>\n<h5>9<sup>th<\/sup> March 2020<\/h5>\n<p>Interview on <a href=\"https:\/\/www.spiegel.de\/panorama\/justiz\/v-mann-murat-cem-verdacht-liegt-nahe-dass-die-polizei-ihn-vor-strafverfolgung-geschuetzt-hat-a-412feba0-f10a-4955-88a0-9d0c424637b7\"><strong>SPIEGEL online<\/strong><\/a><span>\u00a0<\/span>on criminal law issues in connection with the use of police informants in criminal proceedings<\/p>\n<h5>7<sup>th<\/sup> March 2020<\/h5>\n<p>Statement in the <a href=\"https:\/\/www.spiegel.de\/panorama\/justiz\/deutschlands-wichtigster-v-mann-verfluche-den-tag-an-dem-ich-anis-amri-begegnet-bin-a-00000000-0002-0001-0000-000169828667\"><strong>SPIEGEL<\/strong><\/a>, issue 11\/2020, p. 8 ff., p. 10, 12 on criminal law issues in connection with the use of police informants in criminal proceedings.<\/p>\n<p>Available in English\u00a0<a href=\"https:\/\/www.spiegel.de\/international\/germany\/germany-s-most-important-informant-tells-his-story-a-07426434-6145-4958-ad5e-3dc689607119\"><u>here<\/u><\/a>.<\/p>\n<h5>18<sup>th<\/sup> February 2020<\/h5>\n<p>Statement on <strong>Deutschlandfunk<\/strong> radio on the draft law on the planned <strong>adjustment of the constitution protection law<\/strong> and the planned legalisation of <strong>online searches<\/strong> by the Office for the Protection of the Constitution.<\/p>\n<h5>11<sup>th<\/sup> February 2020<\/h5>\n<p>Interview on<strong> Mitteldeutscher Rundfunk<\/strong> <strong>(MDR Der Tag)<\/strong> on the <strong>extradition proceedings against Julian Assange<\/strong>.<\/p>\n<h5>4<sup>th<\/sup> January 2020<\/h5>\n<p>Interview in the <strong><a href=\"https:\/\/www.ksta.de\/koeln\/anwalt-erklaert-darum-ist-die-tat-des-koelner-cdu-politikers--nur--koerperverletzung-33691932\">K\u00f6lner Stadtanzeiger<span>\u00a0<\/span><\/a><\/strong>of January 4, 2020, p. 25,<strong> on legal questions of abandonment from an attempt to commit a crime<\/strong> in connection with the act of a Cologne politician.<\/p>\n<h5>30<sup>th<\/sup> October 2019<\/h5>\n<p>Interview on <a href=\"https:\/\/www.deutschlandfunk.de\/groko-massnahmenpaket-ein-wichtiger-schritt-gegen-hetze-im.694.de.html?dram:article_id=462231\"><strong>Deutschlandfunk<\/strong>\u00a0<\/a>on questions of how to <strong>combat hate crime on the Internet under criminal law<\/strong> and the German government&#8217;s bundle of countermeasures.<\/p>\n<h5>30<sup>th<\/sup> October 2019<\/h5>\n<p>Interview in the <a href=\"https:\/\/www.ksta.de\/koeln\/koelner-jurist-ueber-hass-kommentare--man-darf-einem-nicht-voreilig-den-mund-verbieten--33388214\"><strong>K\u00f6lner-Stadt-Anzeiger<\/strong><\/a><span>\u00a0<\/span>of 30th October 2019, p. 24, on the subject of <strong>hate crime<\/strong> on the occasion of the decision of the <strong>Berlin Regional Court in the Renate K\u00fcnast case<\/strong>.<\/p>\n<h5>29<sup>th<\/sup> October 2019<\/h5>\n<p>Live-interview on <a href=\"https:\/\/www.youtube.com\/watch?v=vpDZH3q3OL8\"><strong>PHOENIX\u00a0<\/strong><\/a>on the <strong>public hearing<\/strong> of the <strong>three presidents of the German intelligence services<\/strong> in the Parliamentary Control Committee of the German Bundestag as well as another interview on the statements of Federal Minister of the Interior Horst Seehofer on the <strong>G6 meeting of interior ministers<\/strong>.<\/p>\n<h5>28<sup>th<\/sup> October 2019<\/h5>\n<p>Statement in the newspapers <a href=\"https:\/\/www.welt.de\/regionales\/nrw\/article202607144\/Ist-der-Polizeibeauftragte-von-NRW-unabhaengig-genug.html\"><strong>DIE WELT<\/strong><\/a><span>\u00a0<\/span>as well as the <a href=\"https:\/\/www.wz.de\/nrw\/experten-wie-unabhaengig-muss-der-polizeibeauftragte-sein_aid-46786099\"><strong>Westdeutschen Zeitung<\/strong><\/a> and the <a href=\"https:\/\/www1.wdr.de\/nachrichten\/landespolitik\/polizeibeauftragter-100.html\"><strong>WDR<\/strong><\/a>\u00a0on the current <strong>draft legislation in the NRW state parliamen<\/strong>t to create an <strong>independent police commissioner<\/strong>.<\/p>\n<h5>15<sup>th<\/sup> October 2019<\/h5>\n<p>Interview on <strong>n-tv<\/strong> about the<strong> verdict of the Spanish Tribunal Supremo<\/strong> against the Catalan separatist leaders and questions about the <strong>extradition of Carles Puigdemont <\/strong>from Belgium to Spain.<\/p>\n<h5>12<sup>th<\/sup> October 2019<\/h5>\n<p>Statement in the\u00a0<strong>SPIEGEL<\/strong>, issue 42\/2019, p. 48, on the necessity of creating a legal basis for the use of police informers in criminal proceedings.<\/p>\n<h5>14<sup>th<\/sup>\u00a0June 2019<\/h5>\n<p>Statement on\u00a0<a href=\"https:\/\/www.dw.com\/en\/when-smart-devices-pass-secrets-to-the-police\/a-49207589\"><strong>Deutsche Welle<\/strong><\/a><span>\u00a0about the initiative of the conference of the ministers of the interior to use data from smart home devices (e.g. Amazon-Alexa) for law prosecution purposes.<\/span><\/p>\n<h5>14<sup>th<\/sup>\u00a0June 2019<\/h5>\n<p>Interview on\u00a0<strong>1Live (WDR)<\/strong> about the initiative of the conference of the ministers of the interior to use data from smart home devices (e.g. Amazon-Alexa) for law prosecution purposes.<\/p>\n<h5>26<sup>th<\/sup>\u00a0April 2019<\/h5>\n<p>Statement in the <strong>Schw\u00e4bische Zeitung<\/strong> on the verdict in the Schlecker trial.<\/p>\n<h5>15<sup>th<\/sup>\u00a0April 2019<\/h5>\n<p>Interview on <strong>n-tv<\/strong> on the indictment of the Braunschweig public prosecutor&#8217;s office against former VW CEO Martin Winterkorn.<\/p>\n<h5>12<sup>th<\/sup>\u00a0April 2019<\/h5>\n<p>Interview in the\u00a0<a href=\"https:\/\/ondemand-mp3.dradio.de\/file\/dradio\/2019\/04\/12\/der_fall_assange_inte rview_m_nikolaos_gazeas_experte_dlf_20190412_0740_ea1a1633.mp3\"><strong>Deutschlandfunk<\/strong><span>\u00a0<\/span><\/a>on questions of extradition law concerning the arrest of Julian Assange.<\/p>\n<h5>12<sup>th<\/sup>\u00a0April 2019<\/h5>\n<p>Interview on\u00a0<strong>n-tv\u00a0<\/strong>on questions of extradition law concerning the arrest of Julian Assange.<\/p>\n<h5>11<sup>th<\/sup>\u00a0April 2019<\/h5>\n<p>Interview in the ARD-Magazine\u00a0<a href=\"https:\/\/www.rbb-online.de\/kontraste\/archiv\/kontraste-vom-11-04-2019\/alexa-als-wanze.html\"><strong>Kontraste<\/strong><\/a><span>\u00a0about the possibility of using data from Amazon Alexa for prosecution purposes.<\/span><\/p>\n<h5>11<sup>th<\/sup>\u00a0April 2019<\/h5>\n<p>Statement in the\u00a0<a href=\"https:\/\/www.dw.com\/de\/julian-assange-sieben-jahre-auf-20-quadratmetern\/a-39280122-0\"><strong>Deutsche Welle<\/strong><\/a><span>\u00a0on the arrest of Julian Assange in the ecuadorian embassy in London.<\/span><\/p>\n<h5>30<sup>th<\/sup>\u00a0March 2019<\/h5>\n<p>Statement in the <strong><a href=\"https:\/\/www.sueddeutsche.de\/politik\/bundesnachrichtendienst-bnd-befugnisse-inland-1.4388828\">S\u00fcddeutsche Zeitung<\/a>\u00a0<\/strong>on the draft of a law extending the powers of the BND.<\/p>\n<h5>8<sup>th<\/sup> February 2019<\/h5>\n<p>Interviews at <a href=\"https:\/\/www.phoenix.de\/neue-bnd-zentrale-eroeffnet-a-847979.html\">PHOENIX<\/a>\u00a0on the occasion of the move the BND to Berlin (another interview with <strong><a href=\"https:\/\/www.youtube.com\/watch?v=HHaCznH5phY\">PHOENIX Der Tag<\/a><\/strong>).<\/p>\n<h5>18<sup>th<\/sup> January 2019<\/h5>\n<p>Interview with <strong>Mitteldeutscher Rundfunk (MDR)<\/strong> on the question as to how far Audi managers accused in the USA are threatened with extradition to the USA in the diesel affair.<\/p>\n<h5>16<sup>th<\/sup> January 2019<\/h5>\n<p>Statement on the legal framework of a test case and a suspected case of the Office for the Protection of the Constitution in relation to the AfD in the online edition of\u00a0<strong><a href=\"https:\/\/www.sueddeutsche.de\/politik\/verfassungsschutz-der-makel-des-verdachts-1.4290454\">S\u00fcddeutschen Zeitung.<\/a><\/strong><\/p>\n<h5>12<sup>th<\/sup> December 2018<\/h5>\n<p>Statement on the new Police Law NRW (Polizeigesetz NRW) in\u00a0<strong><a href=\"https:\/\/www.lto.de\/recht\/nachrichten\/n\/polizeigesetz-nrw-verabschiedet-verfassung-bedenken-bleiben\/\">Legal Tribune Online.<\/a><\/strong><\/p>\n<h5>12<sup>th<\/sup> December 2018<\/h5>\n<p>Interview with\u00a0<strong><a href=\"https:\/\/www1.wdr.de\/mediathek\/audio\/wdr5\/wdr5-morgenecho-interview\/audio-polizeigesetz-staatstrojaner-ist-heikler-punkt-100.html\">WDR\u00a05\u00a0<\/a><\/strong>on the new Police Act NRW (Polizeigesetz NRW).<\/p>\n<h5>14<sup>th<\/sup> November 2018<\/h5>\n<p>Statement as an expert in the legislative procedure on the new Police Law NRW (Polizeigesetz NRW) in the online edition of\u00a0<strong><a href=\"https:\/\/rp-online.de\/nrw\/landespolitik\/nrw-polizeigesetz-herbert-reul-kommt-voran-kritik-laesst-nach_aid-34438397\">Rheinischen Post<\/a><\/strong> and\u00a0<strong><a href=\"https:\/\/www.nw.de\/nachrichten\/regionale_politik\/22297579_Maengel-im-Polizeigesetz.html\">Neuen Westf\u00e4lische<\/a><\/strong>.<\/p>\n<h5>26<sup>th<\/sup> October 2018<\/h5>\n<p>Statement on the judgment of German national Patrick K. in Turkey in <strong>ZDF heute journal.<\/strong><\/p>\n<h5>11<sup>th<\/sup> October 2018<\/h5>\n<p>Statement in the <strong>K\u00f6lner Stadtanzeiger<\/strong>, p. 8, on the planned amendments to the new Police Act NRW (Polizeigesetz NRW)<\/p>\n<h5>28<sup>th<\/sup> September 2018<\/h5>\n<p>Interview with\u00a0<strong><a href=\"https:\/\/www.domradio.de\/themen\/ethik-und-moral\/2018-09-28\/ein-ganzer-strauss-instrumentarien-was-das-strafrecht-bei-missbrauch-der-kirche-vorsieht\">Domradio\u00a0<\/a><\/strong>on the possibilities of law enforcement authorities to prosecute cases of abuse in the Catholic Church.<\/p>\n<h5>20<sup>th<\/sup> August 2018<\/h5>\n<p>Interview with\u00a0<strong><a href=\"https:\/\/www.juve.de\/nachrichten\/namenundnachrichten\/2018\/08\/interview-zum-staatstrojaner-wahrheitsfindung-darf-es-nicht-um-jeden-preis-geben\">juve.de<\/a> <\/strong>and\u00a0<strong><a href=\"https:\/\/www.lto.de\/recht\/hintergruende\/h\/verfassungsbeschwerde-staatstrojaner-fdp-anwalt-interview-online-durchsuchung\/\">Legal Tribune Online<\/a><\/strong> on the constitutional complaint of the FDP against the regulations on online search and the so called &#8220;source telecommunications surveillance&#8221; in the German Criminal Procedure Code (Staatstrojaner). Further comments can be found at\u00a0<strong><a href=\"https:\/\/www.sueddeutsche.de\/digital\/staatstrojaner-die-menschenrechte-gehen-vor-die-hunde-durch-ueberwachungskapitalismus-1.4097890\">sueddeutsche.de<\/a><\/strong><a href=\"https:\/\/www.zeit.de\/digital\/datenschutz\/2018-08\/datenschutz-fdp-spaehsoftware-verfassungsbeschwerde-staatstrojaner\">, <strong>Zeit online<\/strong><\/a>, <strong><a href=\"http:\/\/www.spiegel.de\/netzwelt\/netzpolitik\/staatstrojaner-verfassungsbeschwerde-auch-die-fdp-will-spaehsoftware-bremsen-a-1224037.html\">SPIEGEL online<\/a><\/strong>, <strong><a href=\"https:\/\/www.n-tv.de\/politik\/FDP-klagt-gegen-Staatstrojaner-article20581657.html\">n-tv.de<\/a><\/strong>, <strong><a href=\"https:\/\/www.tagesspiegel.de\/politik\/spaehsoftware-fdp-stellt-klage-gegen-staatstrojaner-vor\/22932818.html\">tagesspiegel.de<\/a><\/strong>.<\/p>\n<h5>16<sup>th<\/sup> August 2018<\/h5>\n<p>Interview with\u00a0<strong><a href=\"https:\/\/classic.ardmediathek.de\/radio\/Deutschland-heute-Deutschlandfunk\/Interview-zum-Fall-Sami-A-mit-Nikolaos-\/Deutschlandfunk\/Audio-Podcast?bcastId=21627230&amp;documentId=55150132\">Deutschlandfunk<\/a><\/strong> on the Sami A. case and the decision of the NRW Higher Administrative Court (on the obligation of bring Sami A.\u2019s return to Germany).<\/p>\n<h5>13<sup>th<\/sup> July 2018<\/h5>\n<p>Statement in the Spanish daily newspaper <strong>ELPA\u00cdS<\/strong>, p. 15, on the decision of the Higher Regional Court in the Puigdemont extradition procedure.<\/p>\n<h5>12<sup>th<\/sup> July 2018<\/h5>\n<p>Statement in <strong><a href=\"https:\/\/www.lto.de\/recht\/nachrichten\/n\/olg-schlewsig-auslieferung-puigdemont-beschlossen-veruntreuung-keine-rebellion-bverfg\/\">Legal Tribune Online<\/a><\/strong> on the decision of the Higher Regional Court Schleswig-Holstein in the Puigdemont extradition procedure.<\/p>\n<h5>15<sup>th<\/sup> June 2018<\/h5>\n<p>Statement in\u00a0<strong><a href=\"https:\/\/www.zeit.de\/gesellschaft\/zeitgeschehen\/2018-06\/ali-b-auslieferung-straftaeter-deutschland-recht-gesetz\/komplettansicht\">ZEIT online<\/a><\/strong> on questions of extradition rights in connection with the return of Ali B. (\u201cSusanna case\u201d) from Iraq.<\/p>\n<h5>10<sup>th<\/sup> June 2018<\/h5>\n<p>Interview with <strong>WDR-show \u201cWestpol\u201d<\/strong> on the new Police Law\/Act NRW (Polizeigesetz NRW) in the legislative procedure.<\/p>\n<h5>8<sup>th<\/sup> June 2018<\/h5>\n<p>Interview with <strong>SWR 1<\/strong> on legal issues of extradition rights (inter alia in the case of the suspect who fled to Iraq in the Susanna case).<\/p>\n<h5>7<sup>th<\/sup> June 2018<\/h5>\n<p>Statement in the\u00a0<strong><a href=\"https:\/\/www.ksta.de\/koeln\/koeln-archiv\/polizeigesetz-nrw-koelner-buendnis-warnt-vor-polizeiwillkuer---grossdemo-geplant-30577994\">K\u00f6lner Stadtanzeiger<\/a><\/strong>\u00a0on the planned reform of the Police Act NRW (Polizeigesetz NRW).<\/p>\n<h5>28<sup>th<\/sup> May 2018<\/h5>\n<p>Statement in the Spanish daily newspaper <strong><a href=\"https:\/\/politica.elpais.com\/politica\/2018\/05\/27\/actualidad\/1527436565_087508.html\">ELPA\u00cdS<\/a><\/strong>\u00a0on the decision of the Higher Regional Court Schleswig-Holstein in the Puigdemont extradition procedure.<\/p>\n<h5>6<sup>th<\/sup> April 2018<\/h5>\n<p>Interview in\u00a0<strong><a href=\"https:\/\/www.tagesschau.de\/multimedia\/video\/video-391925.html\">ARD\u00a0Morgenmagazin\u00a0<\/a><\/strong>on the Puigdemont extradition procedure.<\/p>\n<h5>6<sup>th<\/sup> April 2018<\/h5>\n<p>Discussion with Nikolaos Gazeas in <strong><a href=\"https:\/\/www.deutschlandfunkkultur.de\/der-fall-puigdemont-europaeischer-haftbefehl-als-bumerang.1083.de.html?dram:article_id=414913\">Deutschlandfunk Kultur<\/a>,<\/strong>\u00a0 \u201eWortwechsel\u201c.<\/p>\n<h5>3<sup>rd<\/sup> Apil 2018<\/h5>\n<p>Interview with\u00a0<strong><a href=\"http:\/\/www.zeit.de\/politik\/ausland\/2018-04\/carles-puigdemont-auslieferung-rebellion-interview\">ZEIT\u00a0online\u00a0<\/a><\/strong>on the Puigdemont extradition procedure.<\/p>\n<h5>30<sup>th<\/sup> March 2018<\/h5>\n<p>Statement in the French newspaper <strong><a href=\"https:\/\/www.lemonde.fr\/europe\/article\/2018\/03\/30\/le-casse-tete-juridique-et-politique-de-l-affaire-puigdemont-en-europe_5278521_3214.html\">Le Monde<\/a><\/strong> on the Puigdemont extradition procedure.<\/p>\n<h5>26<sup>th<\/sup> March 2018<\/h5>\n<p>Statements and Interviews on the Puigdemont case in <strong>ZDF heute journal, ARD Mittagsmagazin, n-tv Nachrichten am Mittag<\/strong>, <strong><a href=\"http:\/\/www.zeit.de\/politik\/deutschland\/2018-03\/europaeischer-haftbefehl-carles-puigdemont-katalonien-deutschland-ostern-haft\">ZEIT online<\/a><\/strong>, <strong><a href=\"https:\/\/www.lto.de\/recht\/hintergruende\/h\/puigdemont-verhaftung-deutschland-auslieferung-asyl-untersuchungshaft\/\">Legal Tribune Online<\/a><\/strong>,\u00a0 <strong><a href=\"http:\/\/www.deutschlandfunk.de\/strafrechtler-zur-causa-puigdemont-deutschland-muss-hier.694.de.html?dram:article_id=413985\">Deutschlandfunk<\/a><\/strong>, <strong><a href=\"https:\/\/politica.elpais.com\/politica\/2018\/03\/26\/actualidad\/1522091777_304780.html\">El Pais<\/a><\/strong>, <strong><a href=\"https:\/\/www.srf.ch\/news\/international\/auslieferung-von-puigdemont-ist-dieser-mann-ein-hochverraeter\">SRF<\/a><\/strong>, <strong><a href=\"http:\/\/www.spiegel.de\/politik\/ausland\/carles-puigdemont-in-deutschland-so-lief-die-festnahme-in-deutschland-ab-a-1199982.html\">SPIEGEL online<\/a><\/strong>.<\/p>\n<h5>17<sup>th<\/sup> February 2018<\/h5>\n<p>Statement in the <strong>SPIEGEL<\/strong>, issue 8\/2018, p. 45, on Interpol and Red Notices in cases with political relevance.<\/p>\n<h5>9<sup>th<\/sup> January 2018<\/h5>\n<p>Interview with <strong>Deutschlandfunk<\/strong> Nova on the issues of possible prosecution of the former Iranian \u201cDeath Judge\u201d Sharudi in Germany.<\/p>\n<h5>18<sup>th<\/sup> October 2017<\/h5>\n<p>Statement in <strong><a href=\"http:\/\/www.sueddeutsche.de\/politik\/spionage-bekaempfen-erdoans-spitzel-einfach-nur-den-terror-1.3712618\">S\u00fcddeutschen Zeitung<\/a><\/strong> p. 6, on the issues of criminal liability for espionage in Germany in connection with a current case before the federal Supreme Court and on the effects of the case law of the Federal Supreme Court.<\/p>\n<h5>11<sup>th<\/sup> September 2017<\/h5>\n<p>Interview with\u00a0<strong><a href=\"http:\/\/www.phoenix.de\/content\/phoenix\/die_sendungen\/ereignisse\/thema:_wahl_2017_innere_sicherheit\/2488802?datum=2017-09-11\">Phoenix<\/a><\/strong> on the issues of state security and legal prosecution, especially in connection with the New Year\u2019s Eve cases in Cologne 2016.<\/p>\n<h5>30<sup>th<\/sup> \/ 31<sup>st<\/sup> August 2017<\/h5>\n<p>Statement in\u00a0<strong><a href=\"http:\/\/www.faz.net\/aktuell\/politik\/inland\/datenkrake-bamf-chefin-von-fluechtlings-bundesamt-verteidigt-handy-auswertung-15175606.html\">FAZ.net<\/a><\/strong>, in\u00a0<strong><a href=\"http:\/\/www.dw.com\/de\/fl%C3%BCchtlinge-das-handy-als-personalausweis\/a-40314367\">Deutsche Welle<\/a><\/strong> and in\u00a0<strong><a href=\"http:\/\/www.zeit.de\/politik\/deutschland\/2017-08\/fluechtlinge-bamf-handydaten-auswertung\">ZEIT online<\/a><\/strong> on legal issues of securing mobile data of asylum seekers for the purpose of establishing identity and origin.<\/p>\n<h5>23<sup>rd<\/sup> August 2017<\/h5>\n<p>Guest contribution in\u00a0<strong><a href=\"http:\/\/www.zeit.de\/politik\/ausland\/2017-08\/interpol-dogan-akhanli-auslieferung-tuerkei\/komplettansicht?print\">ZEIT online<\/a><\/strong> on the Akhanli case and the legal reasons why Spain is not legally obliged to extradite Dogan Akhanli to Turkey despite existing extradition agreements with Turkey.<\/p>\n<h5>22<sup>nd<\/sup> \/ 23<sup>rd<\/sup> August 2017<\/h5>\n<p>Statement in the <strong>K\u00f6lner Stadt-Anzeiger<\/strong> and in the <strong>Berliner Zeitung<\/strong> in connection with legal questions regarding Interpol and the arrest and possible extradition in the Akhanli case.<\/p>\n<h5>21<sup>st<\/sup> August 2017<\/h5>\n<p>Interview with <strong><a href=\"https:\/\/www.deutschlandfunknova.de\/beitrag\/was-ist-interpol\">Deutschlandfunk<\/a><\/strong><strong>\u00a0Nova<\/strong> on Interpol and its working methods in international cooperation.<\/p>\n<h5>21<sup>st<\/sup> August 2017<\/h5>\n<p>Interview with\u00a0<strong><a href=\"http:\/\/www.deutschlandfunk.de\/fall-akhanli-die-auslieferung-muss-zwingend-fuer-nicht.694.de.html?dram:article_id=393974\">Deutschlandfunk<\/a><\/strong>\u00a0on questions of extradition rights in connection with the arrest of Dogan Akhanli in Spain at the request of Turkey.<\/p>\n<h5>20<sup>th<\/sup> August 2017<\/h5>\n<p>Statement on <strong>tagesschau.de<\/strong> on the case of the German writer Dogan Akhanli arrested in Spain and on questions of extradition rights in connection with Turkey&#8217;s extradition request.<\/p>\n<h5>19<sup>th<\/sup> August 2017<\/h5>\n<p>Statement in\u00a0<strong><a href=\"http:\/\/www.faz.net\/aktuell\/politik\/inland\/fluechtlinge-fragwuerdige-handy-und-datentraeger-auswertung-15150675.html\">FAZ.net<\/a><\/strong>\u00a0on the legal assessment of the new regulation on the search of data carriers of refugees.<\/p>\n<h5>29<sup>th<\/sup> July 2017<\/h5>\n<p>Interview with <strong>Deutschlandfunk<\/strong> <strong>Nova<\/strong> on the case of 16-year-old Linda W. and on the question of a possible extradition from Iraq to Germany and the criminal investigation of the case in Germany.<\/p>\n<h5>14<sup>th<\/sup> June 2017<\/h5>\n<p>Statement in <strong><a href=\"http:\/\/www.sueddeutsche.de\/politik\/konferenz-der-innenminister-ueberwachen-fuer-fortgeschrittene-1.3544561\">S\u00fcddeutschen Zeitung<\/a><\/strong> on the consideration of the Conference of Ministers of Home Affairs to have minors monitored to a greater extent than hitherto by the Office for the Protection of the Constitution.<\/p>\n<h5>19<sup>th<\/sup> May 2017<\/h5>\n<p>Interview with\u00a0<strong><a href=\"http:\/\/www.dw.com\/de\/britischer-haftbefehl-gegen-assange-unverh%C3%A4ltnism%C3%A4%C3%9Fig\/a-38909389\">Deutsche Welle<\/a><\/strong> on the Assange case and the effects of the termination of the criminal proceedings against him in Sweden and a possible criminal case in Great Britain.<\/p>\n<h5>27. April 2017<\/h5>\n<p>Stellungnahme im\u00a0<strong><a href=\"http:\/\/www1.wdr.de\/daserste\/monitor\/sendungen\/bka-106.html\">ARD-Magazin Monitor<\/a> <\/strong>zum geplanten neuen BKA-Gesetz.<\/p>\n<h5>28<sup>th<\/sup> March 2017<\/h5>\n<p>Statement in <strong><a href=\"http:\/\/www.sueddeutsche.de\/politik\/tuerken-in-deutschland-der-folgenschwere-irrtum-des-tuerkischen-top-spions-1.3438536\">S\u00fcddeutschen Zeitung<\/a><\/strong>, S. 6, \u00a0on the question of the criminal liability of spying on G\u00fclen supporters and other Erdogan critics in Germany.<\/p>\n<h5>21<sup>st<\/sup> March 2017<\/h5>\n<p>Statement in\u00a0<strong><a href=\"http:\/\/www.general-anzeiger-bonn.de\/news\/politik\/%E2%80%9EDer-Rechtsstaat-zeigt-klare-Kante%E2%80%9C-article3514032.html\">General-Anzeiger<\/a><\/strong>\u00a0and in\u00a0<strong><a href=\"http:\/\/www.rp-online.de\/nrw\/panorama\/anschlag-auf-sikh-tempel-in-essen-attentaeter-gehen-in-revision-aid-1.6705367\">RP online\u00a0<\/a><\/strong>on the judgment of the Regional Court Essen in connection with the attacks on the Sikh Temple in Essen.<\/p>\n<h5>22<sup>nd<\/sup> February 2017<\/h5>\n<p>Interview with <strong><a href=\"http:\/\/www.lto.de\/recht\/hintergruende\/h\/fluechtlinge-smartphones-auslesen-einreise-datenschutz-asylgesetz-bamf\/\">Legal Tribune Online<\/a><\/strong>\u00a0about the planned authority to evaluate mobile phones and other data carriers of asylum seekers.<\/p>\n<h5>20<sup>th<\/sup> February 2017<\/h5>\n<p>Statement in\u00a0<strong><a href=\"http:\/\/www.zeit.de\/politik\/deutschland\/2017-02\/asylpolitik-fluechtlinge-bamf-handys-identitaet-faq\">ZEIT online<\/a><\/strong> on the federal government&#8217;s planned law to evaluate mobile phones and other data carriers of asylum seekers.<\/p>\n<h5>11<sup>th<\/sup> January 2017<\/h5>\n<p>Statement in\u00a0<strong><a href=\"http:\/\/www.wsj.com\/articles\/germany-sets-plan-to-rein-in-extremists-1484081425\">Wall Street Journal<\/a><\/strong> (print edition, p. A7) on the discussion about a tightening of security laws to combat terrorism on the occasion of the Anis Amri case.<\/p>\n<h5>10<sup>th<\/sup> January 2017<\/h5>\n<p>Interview in\u00a0<strong><a href=\"http:\/\/www.deutschlandfunk.de\/abschiebeanordnung-sicherstellen-dass-ein-solcher-fall-in.694.de.html?dram:article_id=376026\">Deutschlandfunk<\/a><\/strong> on the planned tightening of security laws on the occasion of the case of Anis Amri.<\/p>\n<h5>9<sup>th<\/sup> January 2017<\/h5>\n<p>Statement in\u00a0<strong><a href=\"http:\/\/www.spiegel.de\/politik\/deutschland\/anschlag-in-berlin-thomas-de-maiziere-und-heiko-maas-sprechen-ueber-konsequenzen-a-1129196.html\">SPIEGEL online<\/a><\/strong> on the actions of the authorities in the Anis Amri case &#8211; terrorist attack on the Christmas market in Berlin &#8211; and on the discussion about tightening security laws.<\/p>\n<h5>7<sup>th<\/sup> January 2017<\/h5>\n<p>Statement in\u00a0<strong><a href=\"http:\/\/www.spiegel.de\/international\/germany\/after-terror-attack-germany-examines-security-architecture-a-1128917-2.html\">SPIEGEL<\/a><\/strong>, issue 2\/2017, p. 10 ff., on the actions of the authorities in the case of Anis Amri &#8211; terrorist attack on the Christmas market in Berlin &#8211; and on the discussion on tightening security laws &#8211; available here in English.<\/p>\n<h5>31<sup>st<\/sup> December 2016<\/h5>\n<p>Stellungnahme in<strong><a href=\"http:\/\/www.deutschlandfunk.de\/verunsicherte-gesellschaft-teil-5-die-koelner.724.de.html?dram:article_id=375255\">Deutschlandfunk<\/a><\/strong> on the legal processing of the New Year&#8217;s Eve incidents in Cologne exactly one year ago.<\/p>\n<h5>27<sup>th<\/sup> December 2016<\/h5>\n<p>Statement in\u00a0<strong><a href=\"http:\/\/www.zeit.de\/politik\/deutschland\/2016-12\/anschlag-berlin-csu-innere-sicherheit-sicherheitspolitik-forderungen\">ZEIT online<\/a><\/strong> on the proposals of the CSU to change the security laws on the occasion of the terrorist attack in Berlin.<\/p>\n<h5>13<sup>th<\/sup> December 2016<\/h5>\n<p>Interview in the\u00a0<strong><a href=\"https:\/\/www.youtube.com\/watch?v=62Hc5luY9Ew\">ARD Magazin\u00a0FAKT<\/a><\/strong> about the research results of FAKT, according to which German companies are apparently affected by US espionage.<\/p>\n<h5>24<sup>th<\/sup> November 2016<\/h5>\n<p>Interview in\u00a0<strong><a href=\"http:\/\/www.deutschlandfunk.de\/nsa-untersuchungsausschuss-die-bundesregierung-duerfte.694.de.html?dram:article_id=372189\">Deutschlandfunk<\/a><\/strong> on the question of the interrogation of Edward Snowden before the NSA investigative committee after the decision of the investigating judge at the Federal Supreme Court and on the question of Germany&#8217;s obligation to extradite him to the USA.<\/p>\n<h5>1<sup>st<\/sup> September 2016<\/h5>\n<p>Interview with <strong>ZDF heute journal<\/strong> about the investigation in Switzerland against Franz Beckenbauer in connection with the award of the 2006 World Cup.<\/p>\n<h5>5<sup>th<\/sup> August 2016<\/h5>\n<p>Statement in <strong><a href=\"http:\/\/www.dw.com\/es\/berl%C3%ADn-caracas-la-suerte-del-general-molina\/a-19450486\">Deutsche\u00a0Welle<\/a><\/strong> on questions of extradition and diplomatic immunity of Venezuela&#8217;s Minister of Home Affairs and Venezuela&#8217;s military attach\u00e9 in Germany with regard to their prosecution in the USA.<\/p>\n<h5>8<sup>th<\/sup> July 2016<\/h5>\n<p>Statement in\u00a0<strong><a href=\"http:\/\/www.spiegel.de\/politik\/deutschland\/bnd-reform-des-deutschen-geheimdienstes-im-eiltempo-a-1101891.html\">SPIEGEL online<\/a><\/strong> on the planned reform of the BND law.<\/p>\n<h5>9<sup>th<\/sup> June 2016<\/h5>\n<p>Statement on the planned draft law of a new BND law on the surveillance of foreign countries abroad in the <strong><a href=\"http:\/\/www.sueddeutsche.de\/politik\/geheimdienst-bnd-gesetz-ausspaehen-unter-freunden-erlaubt-1.3025522\">S\u00fcddeutsche Zeitung<\/a><\/strong> p. 5 and at sueddeutsche.de (8<sup>th<\/sup> June 2016).<\/p>\n<h5>9<sup>th<\/sup> June 2016<\/h5>\n<p>Statement in the\u00a0<strong><a href=\"http:\/\/www.berliner-zeitung.de\/politik\/terroranschlaege-in-deutschland-beweise-reichen-oft-nicht-mal-fuer-eine-anklage-24193256\">Berliner Zeitung<\/a><\/strong>, <strong><a href=\"http:\/\/www.ksta.de\/politik\/terroranschlaege-in-deutschland-beweise-reichen-oft-nicht-mal-fuer-eine-anklage-24193256\">K\u00f6lner Stadt Anzeiger<\/a><\/strong>\u00a0and the\u00a0<strong>Frankfurter Rundschau<\/strong> on the legal classification of investigations into planned terrorist attacks in Germany.<\/p>\n<h5>6<sup>th<\/sup> June 2016<\/h5>\n<p>Interview in <strong>WDR 5<\/strong> (programme &#8220;Politikum&#8221;) on the cooperation of security authorities in Germany in the fight against terrorism.<\/p>\n<h5>12<sup>th<\/sup> April 2016<\/h5>\n<p>Interview in the <strong>ARD magazine Fakt<\/strong> \u00a0and statement in \u00a0<strong><a href=\"http:\/\/www.spiegel.de\/politik\/deutschland\/verurteilter-nato-spion-herr-k-und-das-staatsgeheimnis-a-1082245.html\">SPIEGEL online<\/a><\/strong>\u00a0on the verdict against former NATO employee Manfred Klag for traitorous spying.<\/p>\n<h5>4<sup>th<\/sup> March 2016<\/h5>\n<p>Interview in\u00a0<strong><a href=\"http:\/\/www.dw.com\/de\/strafrechtler-einblicke-des-is-r%C3%BCckkehrers-sind-rarit%C3%A4t\/a-19094854\">Deutsche Welle\u00a0<\/a><\/strong>on the judgment of the D\u00fcsseldorf Higher Regional Court against the IS returnee Nils D.<\/p>\n<p>18<sup>th<\/sup> February 2016<\/p>\n<p>Statement on\u00a0<strong><a href=\"http:\/\/www.deutschlandfunk.de\/vor-dem-ersten-silvester-prozess-zwischen-wunsch.862.de.html?dram:article_id=346048\">Deutschlandfunk<\/a><\/strong> on the criminal law boundaries at the carnival celebrations (kissing, celebrating, dancing &#8211; and legal boundaries).<\/p>\n<h5>4<sup>th<\/sup> February 2016<\/h5>\n<p>Interview on\u00a0<strong><a href=\"http:\/\/www.deutschlandfunk.de\/karneval-kuessen-feiern-tanzen-und-juristische-grenzen.1773.de.html?dram:article_id=344548\">Deutschlandfunk<\/a><\/strong>\u00a0on the criminal law boundaries at the carnival celebrations (kissing, celebrating, dancing &#8211; and legal boundaries).<\/p>\n<h5>8<sup>th<\/sup> January 2016<\/h5>\n<p>Interview in <strong>ZEIT online<\/strong> and statement in the <strong>K\u00f6lner Stadt Anzeiger<\/strong>, p.3, on criminal and immigration law issues in connection with the attacks on New Year&#8217;s Eve in Cologne and elsewhere.<\/p>\n<h5>7<sup>th<\/sup> January 2016<\/h5>\n<p>Interview with in <strong>SWR 2 aktuell<\/strong> on criminal and immigration law issues in connection with the attacks on New Year&#8217;s Eve in Cologne and elsewhere.<\/p>\n<h5>6<sup>th<\/sup> January 2016<\/h5>\n<p>Interview in <a href=\"http:\/\/www.dw.com\/de\/strafrechtler-aussichten-auf-verurteilung-verschwindend-gering\/a-18963529\"><strong>Deutsche\u00a0Welle<\/strong><\/a> on criminal and immigration law issues in connection with the New Year&#8217;s Eve attacks in Cologne and elsewhere (<a href=\"http:\/\/www.dw.com\/en\/convictions-unlikely-in-cologne-nye-incidents\/a-18963856\">englisch version<\/a>).<\/p>\n<h5>7<sup>th<\/sup> December 2015<\/h5>\n<p>Statement in\u00a0<strong><a href=\"http:\/\/www.dw.com\/de\/assange-f%C3%BCnf-jahre-ohne-freiheit\/a-18900060\">Deutsche Welle<\/a><\/strong>\u00a0zon the Julian Assange case in the causa interrogation by the Swedish law enforcement authorities in the Ecuadorian Embassy in London (translated into 11 languages and published in various international media, see the\u00a0<a href=\"http:\/\/www.dw.com\/en\/assange-in-uk-five-years-without-freedom-or-charges\/a-18900824\">english<\/a>\u00a0<a href=\"http:\/\/www.dw.com\/en\/assange-in-uk-five-years-without-freedom-or-charges\/a-18900824\">version<\/a>,\u00a0<a href=\"http:\/\/www.dw.com\/es\/assange-prisionero-sin-cargos-en-contra\/a-18900598\">spanish version<\/a>, publication in\u00a0<a href=\"http:\/\/www.dailynewsegypt.com\/2015\/12\/07\/assange-in-uk-five-years-without-freedom-or-charges\/\">Daily News Egypt<\/a>).<\/p>\n<h5>3<sup>rd<\/sup> December 2015<\/h5>\n<p>Statement in\u00a0<strong><a href=\"http:\/\/www.spiegel.de\/politik\/deutschland\/bundesgerichtshof-ermittlungen-gegen-is-anhaenger-werden-schwieriger-a-1065691.html\">SPIEGEL online<\/a><\/strong>\u00a0on the fundamental decision of the German Federal Court of 27<sup>th<\/sup> October 2015, according to which the &#8220;Terrorcamp-Paragraph&#8221; 89a StGB is to be applied cautiously in a foreign context in crisis areas.<\/p>\n<h5>9<sup>th<\/sup> September 2015<\/h5>\n<p>Statement in\u00a0<strong><a href=\"http:\/\/www.dw.com\/de\/im-dienst-der-fremden-macht\/a-18704308\">Deutsche Welle<\/a><\/strong>\u00a0on the criminal proceedings before the Koblenz Higher Regional Court in the case of espionage in connection with Turkey.<\/p>\n<h5>18<sup>th<\/sup> August 2015<\/h5>\n<p>Statement in\u00a0<strong><a href=\"http:\/\/www.dw.com\/de\/sex-leaks-und-die-schwedische-justiz\/a-18655253\">Deutsche Welle<\/a><\/strong> on the Julian Assange case.<\/p>\n<h5>10<sup>th<\/sup> August 2015<\/h5>\n<p>Interview in <strong><a href=\"http:\/\/www.dw.com\/de\/gazeas-verdacht-lag-von-anfang-an-fern\/a-18639563\">Deutsche\u00a0Welle<\/a><\/strong> on the investigations of the Federal Attorney General against the netzpolitik.org journalists for treason.<\/p>\n<h5>10<sup>th<\/sup> August 2015<\/h5>\n<p>Statement in <strong><a href=\"http:\/\/www.zeit.de\/digital\/2015-08\/generalbundesanwalt-stellt-ermittlungen-gegen-netzpolitik-org-ein\">ZEIT\u00a0online<\/a><\/strong> on the denied inspection of files by the Federal Attorney General in the netzpolitik.org case.<\/p>\n<h5>8<sup>th<\/sup> August 2015<\/h5>\n<p>Statement in <strong><a href=\"https:\/\/netzpolitik.org\/2015\/der-generalbundesanwalt-und-die-akteneinsicht\/\">netzpolitik.org<\/a><\/strong> on the right of inspection of investigation files by the Federal Attorney General during investigative proceedings for treason against the netzpolitik.org journalist.<\/p>\n<h5>7<sup>th<\/sup> August 2015<\/h5>\n<p>Statement in\u00a0<strong><a href=\"http:\/\/www.zeit.de\/digital\/2015-08\/generalbundesanwalt-stellt-ermittlungen-gegen-netzpolitik-org-ein\">ZEIT online<\/a><\/strong>\u00a0about the possible secret surveillance of the accused in connection with the treason investigations against the two journalists of netzpolitik.org.<\/p>\n<h5>22<sup>nd<\/sup> June 2015<\/h5>\n<p>Statement in <strong><a href=\"http:\/\/www.zeit.de\/politik\/deutschland\/2015-06\/aegyptischer-journalist-ahmed-mansur-kommt-aus-deutscher-haft-frei\">ZEIT online<\/a><\/strong> and in <strong><a href=\"http:\/\/www.theguardian.com\/world\/2015\/jun\/22\/egyptian-journalist-ahmed-mansour-released-germany-al-jazeera\">The Guardian<\/a><\/strong> on the arrest of Egyptial journalist Ahmend Mansur in Berlin in connection with the Egyptian extradition request.<\/p>\n<h5>5<sup>th<\/sup> May 2015<\/h5>\n<p>Interview with\u00a0<strong><a href=\"https:\/\/www.deutschlandfunk.de\/bnd-nsa-affaere-rechtsauffassung-des-bnd-ist-nicht-richtig.694.de.html?dram:article_id=318925\">Deutschlandfunk<\/a><\/strong> on legal questions in connection with the current BND-NSA-issue (findings on the nature and extent of the cooperation between the BND and NSA, use of selectors provided by the NSA to the BND; possible economic espionage, possible surveillance of French government officials and diplomats as well as members of the EU Commission).<\/p>\n<h5>11<sup>th<\/sup> April 2015<\/h5>\n<p>Statement in\u00a0<strong><a href=\"http:\/\/www.kress.jura.uni-koeln.de\/fileadmin\/sites\/strafrecht_kress\/Personen\/Niko_Interviews\/SPIEGEL_2015_16_133575519.pdf\">SPIEGEL<\/a><\/strong>, issue 16\/2015, pp. 28, on the legal admissibility of a search of medical practices and confiscation of medical records in the case of the co-pilot Lubitz (Germanwings crash).<\/p>\n<h5>24<sup>th<\/sup> March 2015<\/h5>\n<p>Interview with\u00a0<strong><a href=\"http:\/\/www.lto.de\/recht\/hintergruende\/h\/anti-terror-gesetze-strafrecht-terrorcamp-terrorismusfinanzierung-gesetzgebung-kritik\/\">Legal Tribune Online\u00a0<\/a><\/strong>on the plans of the coalition fractions to tighten criminal law on terrorism (criminalization of departure and attempted departure for terrorist purposes and introduction of a criminal offence on terrorist financing).<\/p>\n<h5>2<sup>nd<\/sup> March 2015<\/h5>\n<p>Statement in <strong>WDR Fernsehen (Aktuelle Stunde)<\/strong> on the suspension of criminal proceedings against Sebastian Edathy against payment of a fine.<\/p>\n<h5>15<sup>th<\/sup> January 2015<\/h5>\n<p>Interview with <strong>WDR 2<\/strong> on the legal issues of revoking extremists\u2019 identity cards.<\/p>\n<h5>14<sup>th<\/sup> November 2014<\/h5>\n<p>Interview in <strong><a href=\"http:\/\/pdf.zeit.de\/politik\/deutschland\/2014-11\/terrorismus-prozesse-strafrecht-deutschland-islamisten-nikolaos-gazeas.pdf\">ZEIT online\u00a0<\/a><\/strong>on the conviction of Al-Qaida members by the D\u00fcsseldorf Higher Regional Court and on the current reform considerations to make the attempt to leave for a terror camp a punishable offence.<\/p>\n<h5>27<sup>th<\/sup> October 2014<\/h5>\n<p>Statement in the <strong>SPIEGEL<\/strong>, issue 44\/2014, p. 30, on the current plans of the Federal Government to tighten criminal law provisions regarding the fight against terrorism.<\/p>\n<h5>1<sup>st<\/sup> October 2014<\/h5>\n<p>Interview on\u00a0<strong><a href=\"https:\/\/www.deutschlandfunk.de\/sperrvermerke-fuer-dschihadisten-nach-derzeitiger.694.de.html?dram:article_id=299084\">Deutschlandfunk<\/a><\/strong><a href=\"https:\/\/www.deutschlandfunk.de\/sperrvermerke-fuer-dschihadisten-nach-derzeitiger.694.de.html?dram:article_id=299084\">\u00a0<\/a>on\u00a0the current considerations in Germany to tighten laws against jihadists (blocking notice in identity cards, deprivation of the German citizenship and tightening of criminal law).<\/p>\n<h5>29<sup>th<\/sup> September 2014<\/h5>\n<p>Statement in <strong>SPIEGEL<\/strong>, issue 40\/2014, p. 16, on the considerations to tighten criminal law against jihadists on the occasion of the UN Security Council Resolution 2178 (2014) on the conviction of violent extremism of 24<sup>th<\/sup> September 2014, also published on <a href=\"http:\/\/www.spiegel.de\/politik\/deutschland\/dschihadisten-unionspolitiker-wollen-schaerferes-strafrecht-a-994206.html\">SPIEGEL online<\/a> on 28<sup>th<\/sup> September 2014.<\/p>\n<h5>5<sup>th<\/sup> August 2014<\/h5>\n<p>Interview on <strong>WDR 5 (Morgenecho)<\/strong> on the legal background of the suspension of the criminal proceedings against Formula 1 Boss Ecclestone before the Munich District Court against a 100 Million USD fine payment.<\/p>\n<h5>29<sup>th<\/sup> May 2014<\/h5>\n<p>Interview in\u00a0<strong><a href=\"http:\/\/www.kress.jura.uni-koeln.de\/fileadmin\/sites\/strafrecht_kress\/Personen\/Niko_Interviews\/InterviewNDR2_Niko.mp3\">NDR 2\u00a0(Kurier um 12)<\/a><\/strong> on the possible intention of the Federal Attorney General to refuse opening investigative proceedings in the NSA case.<\/p>\n<h5>27<sup>th<\/sup> May 2014<\/h5>\n<p>Statement in <strong>ZDF Magazin Frontal 21<\/strong> on the legal issues in connection with the interrogation of Edward Snowden as a witness by the German Parliamentary Committee investigation of the NSA spying scandal, in particular on the failure to issue an arrest warrant for Snowden in Germany.<\/p>\n<h5>8<sup>th<\/sup> May 2014<\/h5>\n<p>Guest contribution Nikolaos Gazeas &#8221; on\u00a0<strong><a href=\"http:\/\/www.zeit.de\/politik\/deutschland\/2014-05\/snowden-auslieferung-nsa-untersuchungsausschuss-gazeas\">ZEIT online\u00a0<\/a><\/strong>\u201cGermany is not obliged to extradite Snowden to the US\u201d.<\/p>\n<h5>8<sup>th<\/sup> May 2014<\/h5>\n<p>Interview with <strong>SWR 2 (aktuell)<\/strong> on the various legal questions in connection with the interrogation of Edward Snowden as a witness by the German Parliamentary Committee investigation of the NSA spying scandal.<\/p>\n<h5>8<sup>th<\/sup> May 2014<\/h5>\n<p>Statement in\u00a0<strong><a href=\"http:\/\/www.dw.de\/bgh-hebt-verurteilung-eines-bombenbauers-auf\/a-17618399\">Deutschen Welle\u00a0<\/a><\/strong>on the first Federal Court of Justice judgment on \u00a7 89a StGB (preparation of a serious state endangering violent act).<\/p>\n<h5>3<sup>rd<\/sup> May 2014<\/h5>\n<p>Interview on <strong>WDR 5 (Morgenecho)<\/strong> on the various legal questions in connection with the interrogation of Edward Snowden as a witness by the German Parliamentary Committee investigation of the NSA spying scandal.<\/p>\n<h5>22<sup>nd<\/sup> April 2014<\/h5>\n<p>Statement on the legal questions regarding a possible testimony by Edward Snowden before the German Parliamentary Committee investigation of the NSA spying scandal as well as on the question of whether Germany has an extradition obligation towards the USA in the <strong><a href=\"http:\/\/www.ksta.de\/politik\/-edward-snowdens-moeglicher-weg-nach-deutschland-,15187246,26906850.html\">K\u00f6lner Stadt Anzeiger<\/a><\/strong>, the\u00a0<strong><a href=\"http:\/\/www.berliner-zeitung.de\/politik\/-edward-snowdens-moeglicher-weg-nach-deutschland-,10808018,26906850.html\">Berliner\u00a0Zeitung<\/a><\/strong> and the\u00a0<strong><a href=\"http:\/\/www.mz-web.de\/politik\/-edward-snowdens-moeglicher-weg-nach-deutschland-,20642162,26906850.html\">Mitteldeutschen\u00a0Zeitung.<\/a><\/strong><\/p>\n<h5>27<sup>th<\/sup> February 2014<\/h5>\n<p>Statement on the former Federal minister Hans-Peter Friedrich\u2019s criminal liability in the Edathy case in the <strong>S\u00fcddeutsche Zeitung<\/strong>, p. 5.<\/p>\n<h5>24<sup>th<\/sup> February 2014<\/h5>\n<p>Live interview on <strong>WDR 5 (Morgenecho)<\/strong> on the various legal questions in the Edathy case (criminal liability of child pornography, Sebastian Edathy\u2019s criminal complaint against members of the public prosecutor\u2019s officer Hannover, former Federal minister Hans-Peter Friedrich\u2019s criminal liability).<\/p>\n<h5>18<sup>th<\/sup> February 2014<\/h5>\n<p>Statement in <strong>ARD Tagesthemen<\/strong> on the question of criminal liability of child pornography as well as on the current reform considerations on the occasion of the Edathy case.<\/p>\n<h5>18<sup>th<\/sup> February 2014<\/h5>\n<p>Interview in <strong><a href=\"http:\/\/www.kress.jura.uni-koeln.de\/fileadmin\/sites\/strafrecht_kress\/Home\/Ermittlungen_Friedrich.pdf\">ZEIT\u00a0online<\/a><\/strong> on the question of criminal liability of former Federal minister Hans-Peter Friedrich in the Edathy case.<\/p>\n<h5>15<sup>th<\/sup> February 2014<\/h5>\n<p>Interview on\u00a0<strong><a href=\"http:\/\/www.kress.jura.uni-koeln.de\/fileadmin\/sites\/strafrecht_kress\/Home\/Gabriel_Opperman__Post_StA.pdf\">ZEIT\u00a0online<\/a><\/strong> on the question of criminal liability of members of the SPD party (Federal minister Sigmar Gabriel, faction leader Thomas Oppermann and Federal Minister Fank-Walter Steinmeier) in the Edathy case.<\/p>\n<h5>3<sup>rd<\/sup> February 2014<\/h5>\n<p>Statement on the question of Amada Knox\u2019s extradition by the USA to Italy after her murder conviction in the <strong>SPIEGEL<\/strong>, issue 6\/2014, p. 81, in parts published on <a href=\"http:\/\/www.spiegel.de\/panorama\/justiz\/urteil-gegen-amanda-knox-kritik-an-interview-des-richters-a-950745.html\">SPIEGEL online.<\/a><\/p>\n<h5>8<sup>th<\/sup> January 2014<\/h5>\n<p>Statement on the criminal liability of German intelligence services\u2019 liaison officers in\u00a0\u00a0<strong><a href=\"http:\/\/www.kress.jura.uni-koeln.de\/fileadmin\/sites\/strafrecht_kress\/Home\/Fall_Alaattin.pdf\">CICERO online<\/a><\/strong>.<\/p>\n<h5>15<sup>th<\/sup> November 2013<\/h5>\n<p>Statement on the bilateral agreement between Germany and the USA regarding intelligence services in the<strong><a href=\"http:\/\/www.kress.jura.uni-koeln.de\/fileadmin\/sites\/strafrecht_kress\/Home\/Freie_Fahrt_fuer_Spione_-_Sueddeutschede_NG.pdf\">S\u00fcddeutschen Zeitung, p 6.<\/a><\/strong><\/p>\n<h5>4<sup>th<\/sup> November 2013<\/h5>\n<p>Statement on the legal possibilities of a secured residence for Snowden in Germany and on the German obligation to extradite him to the USA in the <strong>SPIEGEL<\/strong> title issue 45\/2013, p. 27.<\/p>\n<h5>26<sup>th<\/sup> October 2013<\/h5>\n<p>Interview with <strong>WDR (Mittagsecho)<\/strong> and <strong>NDR Info<\/strong> on the investigations by the Public Prosecutor\u2019s Office regarding possible surveillance of the Chancellor\u2019s mobile phone.<\/p>\n<h5>26<sup>th<\/sup> October 2013<\/h5>\n<p>Statement in the\u00a0<strong><a href=\"http:\/\/www.dw.de\/us-abh%C3%B6raktionen-wom%C3%B6glich-legal\/a-17185185\">Deutsche Welle<\/a><\/strong>\u00a0on the question whether a surveillance by the USA is permitted under applicable law (in\u00a0<a href=\"http:\/\/www.dw.de\/was-us-eavesdropping-possibly-legal\/a-17185614\">english<\/a>, <a href=\"http:\/\/www.opovo.com.br\/app\/maisnoticias\/mundo\/dw\/2013\/10\/28\/noticiasdw,3154186\/espionagem-americana-a-merkel-pode-ter-base-legal.shtml\">portuguese<\/a>,\u00a0<a href=\"http:\/\/www.dw.de\/telekulak-muammas%C4%B1\/a-17186036\">turkish<\/a>\u00a0,<a href=\"http:\/\/metro-portal.hr\/sto-smiju-tajne-sluzbe\/81308\">croatian<\/a>).<\/p>\n<h5>25<sup>th<\/sup> October 2013<\/h5>\n<p>Interview on\u00a0<strong><a href=\"http:\/\/www.kress.jura.uni-koeln.de\/fileadmin\/sites\/strafrecht_kress\/Home\/Interview_ZEITonline_Niko.pdf\">ZEIT online<\/a><\/strong> on the question whether the Public Prosecutor\u2019s Office should initiate investigative proceedings into a possible surveillance of the Chancellor\u2019s mobile phone.<\/p>\n<h5>25<sup>th<\/sup> October 2013<\/h5>\n<p>Statement on <strong><a href=\"http:\/\/www.kress.jura.uni-koeln.de\/fileadmin\/sites\/strafrecht_kress\/Home\/Interview_Sueddeutsche_Niko.pdf\">S\u00fcddeutsche.de\u00a0<\/a><\/strong>on the No-Spy-Agreement with the USA as a reaction to the NSA scandal.<\/p>\n<h5>10<sup>th<\/sup> August 2013<\/h5>\n<p>Interview on the topic \u201cNSA and BND: boundaries of data exchange\u201d in <strong>WDR 5 Morgenecho<\/strong>.<\/p>\n<h5>2<sup>nd<\/sup> August 2013<\/h5>\n<p>Interview on\u00a0<strong><a href=\"http:\/\/pdf.zeit.de\/politik\/deutschland\/2013-08\/nsa-ueberwachung-rechte-buerger.pdf\">ZEIT\u00a0online<\/a><\/strong> on the issue of the rights of spied on citizens in the of the NSA data espionage in Germany.<\/p>\n<h5>31<sup>st<\/sup> July 2013<\/h5>\n<p>Statement in an article in the\u00a0<strong><a href=\"http:\/\/www.dw.de\/manning-urteil-auch-in-deutschland-m%C3%B6glich\/a-16990208\">Deutsche Welle<\/a><\/strong> on the conviction of US soldier Bradley Manning and on the question whether a similar judgment would be possible in Germany.<\/p>\n<h5>27<sup>th<\/sup> July 2013<\/h5>\n<p>Interview on\u00a0<strong><a href=\"http:\/\/pdf.zeit.de\/politik\/2013-07\/datenspionage-deutsche-behoerden-strafbarkeit.pdf\">ZEIT online<\/a><\/strong>\u00a0on the question of criminal liability of members of German authorities for aiding and abetting in the NSA data espionage case.<\/p>\n<h5>25<sup>th<\/sup> July 2013<\/h5>\n<p>Interview in <strong><a href=\"http:\/\/pdf.zeit.de\/politik\/ausland\/2013-07\/NSA-BND-Daten-XKeyscore-Gazeas.pdf\">ZEIT\u00a0online<\/a><\/strong> on the question of admissibility of data transmission and of access of NSA data by the BND and Office for the Protection of the Constitution as well as on the criminal liability of an unlawful transfer of data by the BND in the NSA data espionage case.<\/p>\n<h5>15<sup>th<\/sup> July 2013<\/h5>\n<p>Statement in the\u00a0<strong><a href=\"http:\/\/www.ksta.de\/politik\/auslieferungspflicht-wird-snowden-politisch-verfolgt-,15187246,23723904.html\">K\u00f6lner\u00a0Stadt-Anzeiger<\/a><\/strong> on the question of Germany\u2019s obligation to extradite Edward Snowden to the USA.<\/p>\n<h5>9<sup>th<\/sup> July 2013<\/h5>\n<p>English version of the statement on the question of Germany\u2019s obligation to extradite Edward Snowden to the USA in <strong><a href=\"http:\/\/www.spiegel.de\/international\/world\/venezuela-says-it-would-give-snowden-asylum-a-910200.html\">SPIEGEL online.<\/a><\/strong><\/p>\n<h5>8<sup>th<\/sup> July 2013<\/h5>\n<p>Statement on the question of Germany\u2019s obligation to extradite Edward Snowden to the USA in the <strong>SPIEGEL<\/strong> title issue 28\/2013, p. 21: A German duty to extradite Snowden is ultimately denied because, according to the relevant considerations, it is a political offence under German law in which there is no obligation to extradite under the existing extradition treaty with the USA.<\/p>\n<h5>2<sup>nd<\/sup> July 2013<\/h5>\n<p>Statement on the criminal liability in the NSA data espionage case in an article by Thomas Darnst\u00e4dt (<a href=\"http:\/\/www.spiegel.de\/politik\/deutschland\/analyse-von-thomas-darnstaedt-wie-kriminell-ist-die-nsa-a-909013.html\">US-Datenskandal: Amerikas millionenfacher Rechtsbruch<\/a>) on\u00a0<strong>SPIEGEL online<\/strong>.[\/vc_column_text][\/vc_tta_section][vc_tta_section title=&#8221;Lectureship&#8221; tab_id=&#8221;3&#8243;][vc_column_text css=&#8221;&#8221;]\n<div class=\"\" style=\"margin-bottom: 20px;\"><b class=\"\">Lectures at the University of Cologne<\/b><\/div>\n<div class=\"\"><\/div>\n<div class=\"\"><b class=\"\">summer term 2025<\/b><\/div>\n<div class=\"\">\n<div class=\"\">\n<p>In the summer term 2025 the course &#8220;<strong>Practice of Criminal Procedure<\/strong>&#8221; will take place again. In addition to attorney Dr. Nikolaos Gazeas, the lecturers will be Judge at the Regional Court Dr. Mareike Herrmann, Judge at the Regional Court Peter M\u00fclfarth, Senior Public Prosecutor Dr. Gunnar Greier, Senior Public Prosecutor Dr. Benedikt Kortz and attorney Dr. Lutz Nepomuck.<\/p>\n<p>&#8220;Indictment or abandonment &#8211; conviction or acquittal? In the practice of criminal proceedings, it is not uncommon that factual and legal evaluations of procedurally relevant issues by the parties to the proceedings lead to different results. The tasks of the court, the defense and the public prosecutor&#8217;s office each require specific perspectives. These perspectives and their effects on the practical processes of criminal proceedings should be brought closer to the participants by experienced practitioners and form the basis for discussions, also on current developments.&#8221;<\/p>\n<p>The lecture will be held on Thursday 5th June 2025, Friday 6th June 2025 and Saturday 7th June 2025. An outline of the lecture material will be provided in ILIAS.<\/p>\n<\/div>\n<\/div>\n[\/vc_column_text][\/vc_tta_section][\/vc_tta_accordion][wgl_spacing spacer_size=&#8221;80px&#8221;][\/vc_column][\/vc_row]\n<\/div>","protected":false},"excerpt":{"rendered":"<p>[vc_row gap=&#8221;35&#8243; content_placement=&#8221;middle&#8221;][vc_column width=&#8221;1\/3&#8243;][vc_single_image image=&#8221;2039&#8243; img_size=&#8221;medium&#8221; alignment=&#8221;center&#8221;][wgl_spacing spacer_size=&#8221;50px&#8221;][\/vc_column][vc_column width=&#8221;2\/3&#8243;][wgl_double_headings align=&#8221;center&#8221; title_size=&#8221;48px&#8221; title_color=&#8221;#151515&#8243; subtitle_size=&#8221;20px&#8221; subtitle_color=&#8221;#a69475&#8243; google_fonts_subtitle=&#8221;font_family:Lato%3A100%2C100italic%2C300%2C300italic%2Cregular%2Citalic%2C700%2C700italic%2C900%2C900italic|font_style:400%20regular%3A400%3Anormal&#8221; title=&#8221;Dr. Nikolaos Gazeas LL.M.&#8221; subtitle=&#8221;Attorney&#8221; custom_title_color=&#8221;true&#8221; responsive_font=&#8221;true&#8221; custom_subtitle_color=&#8221;true&#8221; custom_fonts_subtitle=&#8221;true&#8221;][wgl_spacing spacer_size=&#8221;40px&#8221;][wgl_button button_text=&#8221;E-Mail&#8221; size=&#8221;s&#8221; align=&#8221;center&#8221; add_border=&#8221;&#8221; google_fonts_button=&#8221;font_family:Lato%3A100%2C100italic%2C300%2C300italic%2Cregular%2Citalic%2C700%2C700italic%2C900%2C900italic|font_style:400%20regular%3A400%3Anormal&#8221; icon_type=&#8221;font&#8221; icon_font_type=&#8221;type_fontawesome&#8221; icon_fontawesome=&#8221;fa fa-envelope-o&#8221; link=&#8221;url:mailto%3Agazeas%40gazeas.de||target:%20_blank|rel:nofollow&#8221; custom_fonts_button=&#8221;true&#8221;][wgl_spacing spacer_size=&#8221;30px&#8221;][vc_column_text] \u201eexcellent expertise, strategically outstanding\u201c \u201ecreative, gets the best results for his clients\u201c \u201eone of the best for international [&hellip;]<\/p>\n","protected":false},"author":2,"featured_media":0,"parent":0,"menu_order":0,"comment_status":"closed","ping_status":"closed","template":"","meta":{"footnotes":""},"class_list":["post-1832","page","type-page","status-publish","hentry"],"yoast_head":"<!-- This site is optimized with the Yoast SEO plugin v27.4 - https:\/\/yoast.com\/product\/yoast-seo-wordpress\/ -->\n<title>Dr. Nikolaos Gazeas - Rechtsanwalt f\u00fcr Wirtschafts- und Steuerstrafrecht<\/title>\n<meta name=\"description\" content=\"Dr. Nikolaos Gazeas - Ihr Rechtsanwalt f\u00fcr Wirtschafts- &amp; Steuerstrafrecht aus K\u00f6ln. GAZEAS NEPOMUCK Rechtsanwaltskanzlei f\u00fcr Unternehmen &amp; Einzelpersonen.\" \/>\n<meta name=\"robots\" content=\"index, follow, max-snippet:-1, max-image-preview:large, max-video-preview:-1\" \/>\n<link rel=\"canonical\" href=\"https:\/\/gazeas.de\/en\/gazeas\/\" \/>\n<meta property=\"og:locale\" content=\"en_US\" \/>\n<meta property=\"og:type\" content=\"article\" \/>\n<meta property=\"og:title\" content=\"Dr. Nikolaos Gazeas - Rechtsanwalt f\u00fcr Wirtschafts- und Steuerstrafrecht\" \/>\n<meta property=\"og:description\" content=\"Dr. Nikolaos Gazeas - Ihr Rechtsanwalt f\u00fcr Wirtschafts- &amp; Steuerstrafrecht aus K\u00f6ln. GAZEAS NEPOMUCK Rechtsanwaltskanzlei f\u00fcr Unternehmen &amp; Einzelpersonen.\" \/>\n<meta property=\"og:url\" content=\"https:\/\/gazeas.de\/en\/gazeas\/\" \/>\n<meta property=\"og:site_name\" content=\"Gazeas Nepomuck\" \/>\n<meta property=\"article:modified_time\" content=\"2025-09-01T08:55:14+00:00\" \/>\n<meta name=\"twitter:card\" content=\"summary_large_image\" \/>\n<script type=\"application\/ld+json\" class=\"yoast-schema-graph\">{\"@context\":\"https:\\\/\\\/schema.org\",\"@graph\":[{\"@type\":\"WebPage\",\"@id\":\"https:\\\/\\\/gazeas.de\\\/en\\\/gazeas\\\/\",\"url\":\"https:\\\/\\\/gazeas.de\\\/en\\\/gazeas\\\/\",\"name\":\"Dr. Nikolaos Gazeas - Rechtsanwalt f\u00fcr Wirtschafts- und Steuerstrafrecht\",\"isPartOf\":{\"@id\":\"https:\\\/\\\/gazeas.de\\\/#website\"},\"datePublished\":\"2019-05-24T12:34:22+00:00\",\"dateModified\":\"2025-09-01T08:55:14+00:00\",\"description\":\"Dr. Nikolaos Gazeas - Ihr Rechtsanwalt f\u00fcr Wirtschafts- & Steuerstrafrecht aus K\u00f6ln. GAZEAS NEPOMUCK Rechtsanwaltskanzlei f\u00fcr Unternehmen & Einzelpersonen.\",\"breadcrumb\":{\"@id\":\"https:\\\/\\\/gazeas.de\\\/en\\\/gazeas\\\/#breadcrumb\"},\"inLanguage\":\"en-US\",\"potentialAction\":[{\"@type\":\"ReadAction\",\"target\":[\"https:\\\/\\\/gazeas.de\\\/en\\\/gazeas\\\/\"]}]},{\"@type\":\"BreadcrumbList\",\"@id\":\"https:\\\/\\\/gazeas.de\\\/en\\\/gazeas\\\/#breadcrumb\",\"itemListElement\":[{\"@type\":\"ListItem\",\"position\":1,\"name\":\"Startseite\",\"item\":\"https:\\\/\\\/gazeas.de\\\/en\\\/\"},{\"@type\":\"ListItem\",\"position\":2,\"name\":\"Dr. Nikolaos Gazeas LL.M.\"}]},{\"@type\":\"WebSite\",\"@id\":\"https:\\\/\\\/gazeas.de\\\/#website\",\"url\":\"https:\\\/\\\/gazeas.de\\\/\",\"name\":\"Gazeas Nepomuck\",\"description\":\"Team\",\"publisher\":{\"@id\":\"https:\\\/\\\/gazeas.de\\\/#organization\"},\"potentialAction\":[{\"@type\":\"SearchAction\",\"target\":{\"@type\":\"EntryPoint\",\"urlTemplate\":\"https:\\\/\\\/gazeas.de\\\/?s={search_term_string}\"},\"query-input\":{\"@type\":\"PropertyValueSpecification\",\"valueRequired\":true,\"valueName\":\"search_term_string\"}}],\"inLanguage\":\"en-US\"},{\"@type\":\"Organization\",\"@id\":\"https:\\\/\\\/gazeas.de\\\/#organization\",\"name\":\"GAZEAS NEPOMUCK Rechtsanw\u00e4lte\",\"url\":\"https:\\\/\\\/gazeas.de\\\/\",\"logo\":{\"@type\":\"ImageObject\",\"inLanguage\":\"en-US\",\"@id\":\"https:\\\/\\\/gazeas.de\\\/#\\\/schema\\\/logo\\\/image\\\/\",\"url\":\"https:\\\/\\\/gazeas.de\\\/wp-content\\\/uploads\\\/gazeas-nepomuck-rechtsanwaelte-logo.png\",\"contentUrl\":\"https:\\\/\\\/gazeas.de\\\/wp-content\\\/uploads\\\/gazeas-nepomuck-rechtsanwaelte-logo.png\",\"width\":981,\"height\":95,\"caption\":\"GAZEAS NEPOMUCK Rechtsanw\u00e4lte\"},\"image\":{\"@id\":\"https:\\\/\\\/gazeas.de\\\/#\\\/schema\\\/logo\\\/image\\\/\"}}]}<\/script>\n<!-- \/ Yoast SEO plugin. -->","yoast_head_json":{"title":"Dr. Nikolaos Gazeas - Rechtsanwalt f\u00fcr Wirtschafts- und Steuerstrafrecht","description":"Dr. Nikolaos Gazeas - Ihr Rechtsanwalt f\u00fcr Wirtschafts- & Steuerstrafrecht aus K\u00f6ln. GAZEAS NEPOMUCK Rechtsanwaltskanzlei f\u00fcr Unternehmen & Einzelpersonen.","robots":{"index":"index","follow":"follow","max-snippet":"max-snippet:-1","max-image-preview":"max-image-preview:large","max-video-preview":"max-video-preview:-1"},"canonical":"https:\/\/gazeas.de\/en\/gazeas\/","og_locale":"en_US","og_type":"article","og_title":"Dr. Nikolaos Gazeas - Rechtsanwalt f\u00fcr Wirtschafts- und Steuerstrafrecht","og_description":"Dr. Nikolaos Gazeas - Ihr Rechtsanwalt f\u00fcr Wirtschafts- & Steuerstrafrecht aus K\u00f6ln. GAZEAS NEPOMUCK Rechtsanwaltskanzlei f\u00fcr Unternehmen & Einzelpersonen.","og_url":"https:\/\/gazeas.de\/en\/gazeas\/","og_site_name":"Gazeas Nepomuck","article_modified_time":"2025-09-01T08:55:14+00:00","twitter_card":"summary_large_image","schema":{"@context":"https:\/\/schema.org","@graph":[{"@type":"WebPage","@id":"https:\/\/gazeas.de\/en\/gazeas\/","url":"https:\/\/gazeas.de\/en\/gazeas\/","name":"Dr. Nikolaos Gazeas - Rechtsanwalt f\u00fcr Wirtschafts- und Steuerstrafrecht","isPartOf":{"@id":"https:\/\/gazeas.de\/#website"},"datePublished":"2019-05-24T12:34:22+00:00","dateModified":"2025-09-01T08:55:14+00:00","description":"Dr. Nikolaos Gazeas - Ihr Rechtsanwalt f\u00fcr Wirtschafts- & Steuerstrafrecht aus K\u00f6ln. GAZEAS NEPOMUCK Rechtsanwaltskanzlei f\u00fcr Unternehmen & Einzelpersonen.","breadcrumb":{"@id":"https:\/\/gazeas.de\/en\/gazeas\/#breadcrumb"},"inLanguage":"en-US","potentialAction":[{"@type":"ReadAction","target":["https:\/\/gazeas.de\/en\/gazeas\/"]}]},{"@type":"BreadcrumbList","@id":"https:\/\/gazeas.de\/en\/gazeas\/#breadcrumb","itemListElement":[{"@type":"ListItem","position":1,"name":"Startseite","item":"https:\/\/gazeas.de\/en\/"},{"@type":"ListItem","position":2,"name":"Dr. Nikolaos Gazeas LL.M."}]},{"@type":"WebSite","@id":"https:\/\/gazeas.de\/#website","url":"https:\/\/gazeas.de\/","name":"Gazeas Nepomuck","description":"Team","publisher":{"@id":"https:\/\/gazeas.de\/#organization"},"potentialAction":[{"@type":"SearchAction","target":{"@type":"EntryPoint","urlTemplate":"https:\/\/gazeas.de\/?s={search_term_string}"},"query-input":{"@type":"PropertyValueSpecification","valueRequired":true,"valueName":"search_term_string"}}],"inLanguage":"en-US"},{"@type":"Organization","@id":"https:\/\/gazeas.de\/#organization","name":"GAZEAS NEPOMUCK Rechtsanw\u00e4lte","url":"https:\/\/gazeas.de\/","logo":{"@type":"ImageObject","inLanguage":"en-US","@id":"https:\/\/gazeas.de\/#\/schema\/logo\/image\/","url":"https:\/\/gazeas.de\/wp-content\/uploads\/gazeas-nepomuck-rechtsanwaelte-logo.png","contentUrl":"https:\/\/gazeas.de\/wp-content\/uploads\/gazeas-nepomuck-rechtsanwaelte-logo.png","width":981,"height":95,"caption":"GAZEAS NEPOMUCK Rechtsanw\u00e4lte"},"image":{"@id":"https:\/\/gazeas.de\/#\/schema\/logo\/image\/"}}]}},"_links":{"self":[{"href":"https:\/\/gazeas.de\/en\/wp-json\/wp\/v2\/pages\/1832","targetHints":{"allow":["GET"]}}],"collection":[{"href":"https:\/\/gazeas.de\/en\/wp-json\/wp\/v2\/pages"}],"about":[{"href":"https:\/\/gazeas.de\/en\/wp-json\/wp\/v2\/types\/page"}],"author":[{"embeddable":true,"href":"https:\/\/gazeas.de\/en\/wp-json\/wp\/v2\/users\/2"}],"replies":[{"embeddable":true,"href":"https:\/\/gazeas.de\/en\/wp-json\/wp\/v2\/comments?post=1832"}],"version-history":[{"count":2,"href":"https:\/\/gazeas.de\/en\/wp-json\/wp\/v2\/pages\/1832\/revisions"}],"predecessor-version":[{"id":3328,"href":"https:\/\/gazeas.de\/en\/wp-json\/wp\/v2\/pages\/1832\/revisions\/3328"}],"wp:attachment":[{"href":"https:\/\/gazeas.de\/en\/wp-json\/wp\/v2\/media?parent=1832"}],"curies":[{"name":"wp","href":"https:\/\/api.w.org\/{rel}","templated":true}]}}